{"id":4015,"date":"2025-10-30T22:22:03","date_gmt":"2025-10-30T22:22:03","guid":{"rendered":"https:\/\/content.scienceofecd.com\/transcript\/?page_id=4015"},"modified":"2025-10-31T18:02:34","modified_gmt":"2025-10-31T18:02:34","slug":"transcript-warner-ecological-framework-fr","status":"publish","type":"page","link":"https:\/\/content.scienceofecd.com\/transcript\/transcript-warner-ecological-framework-fr\/","title":{"rendered":"Transcript Warner \u2013 ecological framework &#8211; FR"},"content":{"rendered":"\n<p class=\"wp-block-paragraph\">Un cadre \u00e9cologique est essentiel dans l&#8217;analyse des rendements de programmes destin\u00e9s \u00e0 la petite enfance, et ce qui me pr\u00e9occupe, dans la fa\u00e7on dont les \u00e9conomistes en sont venus \u00e0 examiner les \u00e9tudes de d\u00e9veloppement de l&#8217;enfant, est le fait qu&#8217;ils omettent ce cadre \u00e9cologique. Nous devons tenir compte de la personne, du lieu et du contexte. Un enfant n&#8217;est pas une unit\u00e9 biologique \u00e0 laquelle vous apportez quelques soins, une \u00e9ducation pr\u00e9scolaire et obtenez de grands r\u00e9sultats. Et c&#8217;est pr\u00e9cis\u00e9ment la fa\u00e7on dont bon nombre d&#8217;\u00e9conomistes interpr\u00e8tent ces investissements dans l&#8217;enseignement pr\u00e9scolaire officiel. \u00ab\u00a0Le probl\u00e8me est l&#8217;incomp\u00e9tence parentale, la solution: la garderie classique, nous leur accorderons 3 heures par jour \u00e0 l&#8217;\u00e2ge de 4 ans, et le tour est jou\u00e9, nous obtenons des rendements de 17 \u00e0 1. \u00bb C&#8217;est insens\u00e9. Un enfant est un \u00eatre humain, il est n\u00e9 dans une famille, ce n&#8217;est pas une unit\u00e9 biologique, mais une personne qui est n\u00e9e dans une famille compos\u00e9e de parents qui travaillent tr\u00e8s probablement. Dans la soci\u00e9t\u00e9, ils ont un double r\u00f4le de responsables et de travailleurs et habitent dans un quartier qui ne dispose peut-\u00eatre pas de structures pour les enfants, ils travaillent en dehors de leur quartier, ont de longs trajets \u00e0 parcourir, sont soumis \u00e0 de fortes contraintes et tout ce stress leur retombe dessus, affectant leur r\u00f4le de parents, et le d\u00e9veloppement de l&#8217;enfant. Trois heures par jour de garderie lorsque le b\u00e9b\u00e9 atteint ses 4 ans ne fera pas une grande diff\u00e9rence. Vous devez commencer \u00e0 investir d\u00e8s le plus jeune \u00e2ge et replacer l&#8217;enfant dans un contexte \u00e9cologique, l&#8217;enfant en tant que syst\u00e8me biologique, un \u00eatre humain vivant au sein d&#8217;une famille, qui constitue un syst\u00e8me social, et cette famille qui r\u00e9side dans un quartier \u00e9tant un syst\u00e8me communautaire. Et ce quartier fait partie int\u00e9grante d&#8217;une ville, elle-m\u00eame int\u00e9gr\u00e9e dans une politique, un gouvernement qui a d\u00e9cid\u00e9 de s&#8217;occuper des enfants et de les valoriser en tant que citoyens ou de les ignorer et de les traiter comme relevant strictement de la responsabilit\u00e9 de leurs parents.<br><\/p>\n","protected":false},"excerpt":{"rendered":"<p>Un cadre \u00e9cologique est essentiel dans l&#8217;analyse des rendements de programmes destin\u00e9s \u00e0 la petite enfance, et ce qui me pr\u00e9occupe, dans la fa\u00e7on dont les \u00e9conomistes en sont venus \u00e0 examiner les \u00e9tudes de d\u00e9veloppement de l&#8217;enfant, est le fait qu&#8217;ils omettent ce cadre \u00e9cologique. Nous devons tenir compte de la personne, du lieu [&hellip;]<\/p>\n","protected":false},"author":39,"featured_media":0,"parent":0,"menu_order":0,"comment_status":"closed","ping_status":"closed","template":"template-text-only.php","meta":{"_acf_changed":false,"footnotes":""},"class_list":["post-4015","page","type-page","status-publish","hentry"],"acf":[],"_links":{"self":[{"href":"https:\/\/content.scienceofecd.com\/transcript\/wp-json\/wp\/v2\/pages\/4015","targetHints":{"allow":["GET"]}}],"collection":[{"href":"https:\/\/content.scienceofecd.com\/transcript\/wp-json\/wp\/v2\/pages"}],"about":[{"href":"https:\/\/content.scienceofecd.com\/transcript\/wp-json\/wp\/v2\/types\/page"}],"author":[{"embeddable":true,"href":"https:\/\/content.scienceofecd.com\/transcript\/wp-json\/wp\/v2\/users\/39"}],"replies":[{"embeddable":true,"href":"https:\/\/content.scienceofecd.com\/transcript\/wp-json\/wp\/v2\/comments?post=4015"}],"version-history":[{"count":2,"href":"https:\/\/content.scienceofecd.com\/transcript\/wp-json\/wp\/v2\/pages\/4015\/revisions"}],"predecessor-version":[{"id":4044,"href":"https:\/\/content.scienceofecd.com\/transcript\/wp-json\/wp\/v2\/pages\/4015\/revisions\/4044"}],"wp:attachment":[{"href":"https:\/\/content.scienceofecd.com\/transcript\/wp-json\/wp\/v2\/media?parent=4015"}],"curies":[{"name":"wp","href":"https:\/\/api.w.org\/{rel}","templated":true}]}}