{"id":4013,"date":"2025-10-30T22:16:31","date_gmt":"2025-10-30T22:16:31","guid":{"rendered":"https:\/\/content.scienceofecd.com\/transcript\/?page_id=4013"},"modified":"2025-10-31T17:54:12","modified_gmt":"2025-10-31T17:54:12","slug":"transcript-walters-observing-and-knowing-children-fr","status":"publish","type":"page","link":"https:\/\/content.scienceofecd.com\/transcript\/transcript-walters-observing-and-knowing-children-fr\/","title":{"rendered":"Transcript Walters \u2013 observing and knowing children &#8211; FR"},"content":{"rendered":"\n<p class=\"wp-block-paragraph\">Nous observons attentivement les enfants et \u00e7a fait partie de quand nous avons dans nos principaux groupes de soins, nous arrivons \u00e0 voir les progr\u00e8s des enfants au fil du temps afin que nous sachions ce qu\u2019ils peuvent faire et nous voyons leur agilit\u00e9 et les talents d\u2019un enfant et nous savons quand nous devons rester pr\u00e8s d\u2019eux ou quand donner de l\u2019espace ou mettre une limite ou quand laisser les choses aller. Ce matin, les enfants sont mont\u00e9s dans la cabane dans l\u2019arbre. Ils aiment aller l\u00e0 pour s\u2019\u00e9chapper et pour, je pense, se sentir autonomes dans la cour. Ils sont en hauteur et ils ont un peu une vue a\u00e9rienne sur ce qui se passe dans la cour mais aussi, ils se trouvent \u00e9loign\u00e9s des adultes. Puis j\u2019ai entendu quelque chose arriver l\u00e0-haut et je n\u2019\u00e9tais pas certaine s\u2019il y avait peut-\u00eatre un conflit qui commen\u00e7ait. Je me suis donc approch\u00e9e un peu et j\u2019ai \u00e9cout\u00e9, et le simple fait de cette proximit\u00e9 m\u2019a permis d\u2019\u00e9couter ce qui se passait, mais aussi de voir le visage des enfants, puis je leur ai rendu leur espace en reculant \u00e0 nouveau et en observant simplement de plus loin.<br><\/p>\n","protected":false},"excerpt":{"rendered":"<p>Nous observons attentivement les enfants et \u00e7a fait partie de quand nous avons dans nos principaux groupes de soins, nous arrivons \u00e0 voir les progr\u00e8s des enfants au fil du temps afin que nous sachions ce qu\u2019ils peuvent faire et nous voyons leur agilit\u00e9 et les talents d\u2019un enfant et nous savons quand nous devons [&hellip;]<\/p>\n","protected":false},"author":39,"featured_media":0,"parent":0,"menu_order":0,"comment_status":"closed","ping_status":"closed","template":"template-text-only.php","meta":{"_acf_changed":false,"footnotes":""},"class_list":["post-4013","page","type-page","status-publish","hentry"],"acf":[],"_links":{"self":[{"href":"https:\/\/content.scienceofecd.com\/transcript\/wp-json\/wp\/v2\/pages\/4013","targetHints":{"allow":["GET"]}}],"collection":[{"href":"https:\/\/content.scienceofecd.com\/transcript\/wp-json\/wp\/v2\/pages"}],"about":[{"href":"https:\/\/content.scienceofecd.com\/transcript\/wp-json\/wp\/v2\/types\/page"}],"author":[{"embeddable":true,"href":"https:\/\/content.scienceofecd.com\/transcript\/wp-json\/wp\/v2\/users\/39"}],"replies":[{"embeddable":true,"href":"https:\/\/content.scienceofecd.com\/transcript\/wp-json\/wp\/v2\/comments?post=4013"}],"version-history":[{"count":2,"href":"https:\/\/content.scienceofecd.com\/transcript\/wp-json\/wp\/v2\/pages\/4013\/revisions"}],"predecessor-version":[{"id":4041,"href":"https:\/\/content.scienceofecd.com\/transcript\/wp-json\/wp\/v2\/pages\/4013\/revisions\/4041"}],"wp:attachment":[{"href":"https:\/\/content.scienceofecd.com\/transcript\/wp-json\/wp\/v2\/media?parent=4013"}],"curies":[{"name":"wp","href":"https:\/\/api.w.org\/{rel}","templated":true}]}}