{"id":3818,"date":"2025-10-08T15:49:20","date_gmt":"2025-10-08T15:49:20","guid":{"rendered":"https:\/\/content.scienceofecd.com\/transcript\/?page_id=3818"},"modified":"2025-10-08T21:21:54","modified_gmt":"2025-10-08T21:21:54","slug":"integrating-secd-content-into-early-childhood-education-ece-and-early-years-courses-fr","status":"publish","type":"page","link":"https:\/\/content.scienceofecd.com\/transcript\/integrating-secd-content-into-early-childhood-education-ece-and-early-years-courses-fr\/","title":{"rendered":"Integrating SECD content into early childhood education (ECE) and early years courses &#8211; FR"},"content":{"rendered":"\n<h2 class=\"wp-block-heading\"><strong>Suggestions de contenu de la SECD<\/strong><\/h2>\n\n\n\n<p class=\"wp-block-paragraph\">Les tableaux ci-dessous offrent des suggestions de contenu de la SECD pour les cours en mati\u00e8re de petite enfance.<\/p>\n\n\n\n<p class=\"wp-block-paragraph\">Chaque tableau se rapporte aux modules de l\u2019\u00e9dition nord-am\u00e9ricaine et de l\u2019\u00e9dition d\u2019introduction, ainsi qu\u2019\u00e0 la ressource Notions de base du d\u00e9veloppement de l\u2019enfant de la SECD. Des liens vers l\u2019\u00e9dition nord-am\u00e9ricaine et la ressource Notions de base du d\u00e9veloppement de l\u2019enfant sont fournis. Les sections de l\u2019\u00e9dition d\u2019introduction qui diff\u00e8rent sont indiqu\u00e9es au moyen d\u2019un * lorsque le module n\u2019existe pas ou sont suivies d\u2019une explication entre parenth\u00e8ses.<\/p>\n\n\n\n<p class=\"wp-block-paragraph\">La fonction de recherche de la SECD peut \u00e9galement \u00eatre utile au moment de choisir du contenu de la SECD qui permettra de soutenir les objectifs d\u2019apprentissage d\u2019un cours ou d\u2019un programme.<\/p>\n\n\n\n<h3 class=\"wp-block-heading\"><strong>D\u00e9veloppement du b\u00e9b\u00e9<\/strong><\/h3>\n\n\n\n<figure class=\"wp-block-table\"><table class=\"has-fixed-layout\"><tbody><tr><td><strong>Module de la SECD<\/strong><\/td><td><strong>Section\/page<\/strong><\/td><\/tr><tr><td>D\u00e9veloppement du cerveau&nbsp;<\/td><td>Le <a href=\"https:\/\/content.scienceofecd.com\/third-edition-fr\/bd-1-early-brain-development\/?doing_wp_cron=1754054505.8546979427337646484375\" target=\"_blank\" rel=\"noreferrer noopener\">module complet<\/a> est pertinent pour les cours sur le d\u00e9veloppement du b\u00e9b\u00e9<\/td><\/tr><tr><td>Adaptation et comp\u00e9tences<\/td><td><a href=\"https:\/\/content.scienceofecd.com\/third-edition-fr\/cc-1-coping-and-competence-overview\/?doing_wp_cron=1754054684.2340059280395507812500\" target=\"_blank\" rel=\"noreferrer noopener\">Aper\u00e7u (1., 1.1 et 1.2)<br><\/a><a href=\"https:\/\/content.scienceofecd.com\/third-edition-fr\/cc-2-1-early-regulatory-systems\/?doing_wp_cron=1754054657.5619859695434570312500\" target=\"_blank\" rel=\"noreferrer noopener\">2.1 Syst\u00e8mes de r\u00e9gulation du jeune enfant<br><\/a><a href=\"https:\/\/content.scienceofecd.com\/third-edition-fr\/cc-2-2-caring-relationships\/?doing_wp_cron=1754054781.9959440231323242187500\" target=\"_blank\" rel=\"noreferrer noopener\">2.2 Relations familiales<br><\/a><a href=\"https:\/\/content.scienceofecd.com\/third-edition-fr\/cc-3-to-cope-and-be-competent\/\" target=\"_blank\" rel=\"noreferrer noopener\">3. Aides \u00e0 l\u2019adaptation et aux comp\u00e9tences<br><\/a><a href=\"https:\/\/content.scienceofecd.com\/third-edition-fr\/cc-3-1-understandingfeelingsandbehaviour\/\" target=\"_blank\" rel=\"noreferrer noopener\">3.1 Comprendre les sentiments et le comportement<\/a><\/td><\/tr><tr><td>Communication et apprentissage&nbsp;<\/td><td><a href=\"https:\/\/content.scienceofecd.com\/third-edition-fr\/cl-1-communicating-and-learning-in-early-childhood\/?doing_wp_cron=1754055049.6341619491577148437500\" target=\"_blank\" rel=\"noreferrer noopener\">1. Communication et apprentissage dans la petite enfance<br><\/a><a href=\"https:\/\/content.scienceofecd.com\/third-edition-fr\/cl-1-1-acquiring-language\/?doing_wp_cron=1754055077.8446791172027587890625\" target=\"_blank\" rel=\"noreferrer noopener\">1.1 Acquisition de la langue<br><\/a><a href=\"https:\/\/content.scienceofecd.com\/third-edition-fr\/cl-2-1-early-language-development\/\" target=\"_blank\" rel=\"noreferrer noopener\">2.1 D\u00e9veloppement du langage \u00e0 la petite enfance<br><\/a><a href=\"https:\/\/content.scienceofecd.com\/third-edition-fr\/cl-2-2-bilingualism-and-multilingualism\/?doing_wp_cron=1754055110.5466389656066894531250\" target=\"_blank\" rel=\"noreferrer noopener\">2.2 Bilinguisme et multilinguisme*<\/a>&nbsp;<\/td><\/tr><tr><td>Notions de base du d\u00e9veloppement de l\u2019enfant&nbsp;<\/td><td><a href=\"https:\/\/content.scienceofecd.com\/fr-primer\/1-accent-sur-le-developpement-de-lenfant\/?doing_wp_cron=1757712411.4027259349822998046875\" target=\"_blank\" rel=\"noreferrer noopener\">1. Accent sur le d\u00e9veloppement de l\u2019enfant<\/a><br><a href=\"https:\/\/content.scienceofecd.com\/fr-primer\/0-fr-2-les-theories-sur-le-developpement\/\" target=\"_blank\" rel=\"noreferrer noopener\">2. Th\u00e9ories sur le d\u00e9veloppement<\/a><a href=\"https:\/\/content.scienceofecd.com\/allied-health\/cdp-domains\/\"><br><\/a><a href=\"https:\/\/content.scienceofecd.com\/fr-primer\/5-les-etapes-importa\/?doing_wp_cron=1757712490.2410500049591064453125\" target=\"_blank\" rel=\"noreferrer noopener\">5. \u00c9tapes importantes du d\u00e9veloppement<\/a><br><a href=\"https:\/\/content.scienceofecd.com\/fr-primer\/6-lobservation-des-enfants\/?doing_wp_cron=1757712552.2940280437469482421875\" target=\"_blank\" rel=\"noreferrer noopener\">6. Observation<\/a><\/td><\/tr><\/tbody><\/table><\/figure>\n\n\n\n<p class=\"wp-block-paragraph\">Liste des modules et des sections qui soutiennent l\u2019enseignement sur le d\u00e9veloppement du b\u00e9b\u00e9.<\/p>\n\n\n\n<h3 class=\"wp-block-heading\"><strong>D\u00e9veloppement \u00e0 l\u2019\u00e2ge pr\u00e9scolaire<\/strong><\/h3>\n\n\n\n<figure class=\"wp-block-table\"><table class=\"has-fixed-layout\"><tbody><tr><td><strong>Module de la SECD<\/strong><\/td><td><strong>Section\/page<\/strong><\/td><\/tr><tr><td>Adaptation et comp\u00e9tences<\/td><td><a href=\"https:\/\/content.scienceofecd.com\/third-edition-fr\/cc-1-coping-and-competence-overview\/?doing_wp_cron=1754054684.2340059280395507812500\" target=\"_blank\" rel=\"noreferrer noopener\">Aper\u00e7u (1., 1.1 et 1.2)<\/a><br><a href=\"https:\/\/content.scienceofecd.com\/third-edition-fr\/cc-2-3-aggression\/?doing_wp_cron=1754055380.9910290241241455078125\" target=\"_blank\" rel=\"noreferrer noopener\">2.3 Apprentissage \u00e9motionnel<\/a><br><a href=\"https:\/\/content.scienceofecd.com\/third-edition-fr\/cc-2-4-executive-function\/?doing_wp_cron=1754055416.7123870849609375000000\" target=\"_blank\" rel=\"noreferrer noopener\">2.4 Fonctions ex\u00e9cutives*<\/a><br><a href=\"https:\/\/content.scienceofecd.com\/third-edition-fr\/cc-2-3-resilienceandadversity\/?doing_wp_cron=1754055435.7887980937957763671875\" target=\"_blank\" rel=\"noreferrer noopener\">2.5 Adversit\u00e9 et r\u00e9silience<\/a><br><a href=\"https:\/\/content.scienceofecd.com\/third-edition-fr\/cc-2-6-play-coping-and-competence\/?doing_wp_cron=1754055462.1486480236053466796875\" target=\"_blank\" rel=\"noreferrer noopener\">2.6 Jeu, adaptation et comp\u00e9tences*<br><\/a><a href=\"https:\/\/content.scienceofecd.com\/third-edition-fr\/cc-3-1-understandingfeelingsandbehaviour\/\" target=\"_blank\" rel=\"noreferrer noopener\">3.1 Comprendre les sentiments et le comportement<br><\/a><a href=\"https:\/\/content.scienceofecd.com\/third-edition-fr\/cc-3-2-getting-along-with-others\/?doing_wp_cron=1754055503.9097099304199218750000\">3.2 S\u2019enten<\/a><a href=\"https:\/\/content.scienceofecd.com\/third-edition-fr\/cc-3-2-getting-along-with-others\/?doing_wp_cron=1754055503.9097099304199218750000\" target=\"_blank\" rel=\"noreferrer noopener\">d<\/a><a href=\"https:\/\/content.scienceofecd.com\/third-edition-fr\/cc-3-2-getting-along-with-others\/?doing_wp_cron=1754055503.9097099304199218750000\">re avec les autres<br><\/a><a href=\"https:\/\/content.scienceofecd.com\/third-edition-fr\/cc-3-3-valuing-play\/?doing_wp_cron=1754055523.0613210201263427734375\" target=\"_blank\" rel=\"noreferrer noopener\">3.3 Valoriser le jeu<\/a><\/td><\/tr><tr><td>Communication et apprentissage<\/td><td><a href=\"https:\/\/content.scienceofecd.com\/third-edition-fr\/cl-1-2-thinking-and-learning\/\" target=\"_blank\" rel=\"noreferrer noopener\">1.2 R\u00e9flexion et apprentissage<\/a><br><a href=\"https:\/\/content.scienceofecd.com\/third-edition-fr\/cl-2-3-literacy\/?doing_wp_cron=1754055599.3380579948425292968750\" target=\"_blank\" rel=\"noreferrer noopener\">2.3 Litt\u00e9ratie<\/a> (et p.&nbsp;2.2 de l\u2019\u00e9dition d\u2019introduction)<br><a href=\"https:\/\/content.scienceofecd.com\/third-edition-fr\/cl-2-4-early-mathematics\/?doing_wp_cron=1754055752.3775680065155029296875\" target=\"_blank\" rel=\"noreferrer noopener\">2.4 Math\u00e9matiques \u00e0 la petite enfance<\/a> (et p.&nbsp;2.3 de l\u2019\u00e9dition d\u2019introduction)<br><a href=\"https:\/\/content.scienceofecd.com\/third-edition-fr\/cl-2-5-inquiry\/?doing_wp_cron=1754055619.2605569362640380859375\" target=\"_blank\" rel=\"noreferrer noopener\">2.5 Comment les enfants apprennent*<\/a><br><a href=\"https:\/\/content.scienceofecd.com\/third-edition-fr\/cl-3-opportunities-for-communicating-and-learning\/?doing_wp_cron=1754057184.8594141006469726562500\" target=\"_blank\" rel=\"noreferrer noopener\">Liens \u00e0 la pratique (3., 3.1, 3.2 et 3.3)<\/a>&nbsp;<\/td><\/tr><tr><td>\u00c9cologie de l\u2019enfance<\/td><td>Le <a href=\"https:\/\/content.scienceofecd.com\/third-edition-fr\/ec-placeholder\/?doing_wp_cron=1754055800.2421600818634033203125\" target=\"_blank\" rel=\"noreferrer noopener\">module complet<\/a> est pertinent pour les cours sur le d\u00e9veloppement \u00e0 l\u2019\u00e2ge pr\u00e9scolaire<\/td><\/tr><tr><td>Notions de base du d\u00e9veloppement de l\u2019enfant<\/td><td><a href=\"https:\/\/content.scienceofecd.com\/fr-primer\/1-accent-sur-le-developpement-de-lenfant\/?doing_wp_cron=1757712655.0054891109466552734375\" target=\"_blank\" rel=\"noreferrer noopener\">1. Accent sur le d\u00e9veloppement de l\u2019enfant<\/a><br><a href=\"https:\/\/content.scienceofecd.com\/fr-primer\/0-fr-2-les-theories-sur-le-developpement\/\" target=\"_blank\" rel=\"noreferrer noopener\">2. Th\u00e9ories sur le d\u00e9veloppement<\/a><a href=\"https:\/\/content.scienceofecd.com\/allied-health\/cdp-domains\/\"><br><\/a><a href=\"https:\/\/content.scienceofecd.com\/fr-primer\/5-les-etapes-importa\/?doing_wp_cron=1757712766.5959680080413818359375\" target=\"_blank\" rel=\"noreferrer noopener\">5. \u00c9tapes importantes du d\u00e9veloppement<\/a><br><a href=\"https:\/\/content.scienceofecd.com\/fr-primer\/6-lobservation-des-enfants\/?doing_wp_cron=1757712782.8184928894042968750000\" target=\"_blank\" rel=\"noreferrer noopener\">6. Observation<\/a>\u00a0<\/td><\/tr><\/tbody><\/table><\/figure>\n\n\n\n<p class=\"wp-block-paragraph\">Liste des modules et des sections qui soutiennent l\u2019enseignement sur le d\u00e9veloppement \u00e0 l\u2019\u00e2ge pr\u00e9scolaire.<\/p>\n\n\n\n<h3 class=\"wp-block-heading\"><strong>D\u00e9veloppement humain<\/strong><\/h3>\n\n\n\n<figure class=\"wp-block-table\"><table class=\"has-fixed-layout\"><tbody><tr><td><strong>Module de la SECD<\/strong>&nbsp;<\/td><td><strong>Section\/page<\/strong>&nbsp;<\/td><\/tr><tr><td>D\u00e9veloppement du cerveau<\/td><td><a href=\"https:\/\/content.scienceofecd.com\/third-edition-fr\/bd-1-early-brain-development\/?doing_wp_cron=1754054505.8546979427337646484375\" target=\"_blank\" rel=\"noreferrer noopener\">Aper\u00e7u (1., 1.1 et 1.2)<\/a>&nbsp;<\/td><\/tr><tr><td>\u00c9cologie de l\u2019enfance&nbsp;<\/td><td>Le <a href=\"https:\/\/content.scienceofecd.com\/third-edition-fr\/ec-placeholder\/?doing_wp_cron=1754055800.2421600818634033203125\" target=\"_blank\" rel=\"noreferrer noopener\">module complet<\/a> est pertinent pour les cours sur le d\u00e9veloppement humain<\/td><\/tr><tr><td>Sant\u00e9 d\u00e9veloppementale&nbsp;<\/td><td><a href=\"https:\/\/content.scienceofecd.com\/third-edition-fr\/dh-1-the-developmental-health-perspective\/?doing_wp_cron=1754055890.4310050010681152343750\" target=\"_blank\" rel=\"noreferrer noopener\">Aper\u00e7u (1., 1.1 et 1.2)<br><\/a><a href=\"https:\/\/content.scienceofecd.com\/third-edition-fr\/dh-2-developmental-health-research\/?doing_wp_cron=1754055928.7825639247894287109375\" target=\"_blank\" rel=\"noreferrer noopener\">2. Recherche li\u00e9e \u00e0 la sant\u00e9 d\u00e9veloppementale<br><\/a><a href=\"https:\/\/content.scienceofecd.com\/third-edition-fr\/dh-2-1-social-determinants-of-health\/?doing_wp_cron=1754055970.6699409484863281250000\" target=\"_blank\" rel=\"noreferrer noopener\">2.1 D\u00e9terminants sociaux de sant\u00e9, d\u2019apprentissage et de comportement<br><\/a><a href=\"https:\/\/content.scienceofecd.com\/third-edition-fr\/dh-2-2-the-gradient-effect\/?doing_wp_cron=1754055998.9012920856475830078125\" target=\"_blank\" rel=\"noreferrer noopener\">2.2 Incidences socio\u00e9conomiques des programmes de garde et d\u2019apprentissage des jeunes enfants<\/a> (et p.&nbsp;2.3, Les retomb\u00e9es \u00e9conomiques, dans l\u2019\u00e9dition d\u2019introduction)&nbsp;<\/td><\/tr><tr><td>Notions de base du d\u00e9veloppement de l\u2019enfant&nbsp;<\/td><td><a href=\"https:\/\/content.scienceofecd.com\/fr-primer\/0-fr-2-les-theories-sur-le-developpement\/?doing_wp_cron=1757712837.2906250953674316406250\" target=\"_blank\" rel=\"noreferrer noopener\">2. Th\u00e9ories sur le d\u00e9veloppement<\/a><br><a href=\"https:\/\/content.scienceofecd.com\/fr-primer\/3-letude-du-developpement-de-lenfant\/\" target=\"_blank\" rel=\"noreferrer noopener\">3. \u00c9tude du d\u00e9veloppement de l\u2019enfant<\/a><\/td><\/tr><\/tbody><\/table><\/figure>\n\n\n\n<p class=\"wp-block-paragraph\">Liste des modules et des sections qui soutiennent l\u2019enseignement sur le d\u00e9veloppement humain.<\/p>\n\n\n\n<h3 class=\"wp-block-heading\"><strong>D\u00e9veloppement cognitif et langagier<\/strong><\/h3>\n\n\n\n<figure class=\"wp-block-table\"><table class=\"has-fixed-layout\"><tbody><tr><td><strong>Module de la SECD<\/strong>&nbsp;<\/td><td><strong>Section\/page<\/strong>&nbsp;<\/td><\/tr><tr><td>D\u00e9veloppement du cerveau&nbsp;<\/td><td><a href=\"https:\/\/content.scienceofecd.com\/third-edition-fr\/experience-based-brain-development\/?doing_wp_cron=1754056145.9374170303344726562500\" target=\"_blank\" rel=\"noreferrer noopener\">1.2 D\u00e9veloppement du cerveau en fonction des exp\u00e9riences<\/a><br><a href=\"https:\/\/content.scienceofecd.com\/third-edition-fr\/bd-2-4-memory\/?doing_wp_cron=1754056187.4787559509277343750000\" target=\"_blank\" rel=\"noreferrer noopener\">2.4 M\u00e9moire<\/a> (et p.&nbsp;2.3 de l\u2019\u00e9dition d\u2019introduction)<\/td><\/tr><tr><td>Communication et apprentissage<\/td><td>Le <a href=\"https:\/\/content.scienceofecd.com\/third-edition-fr\/cl-1-communicating-and-learning-in-early-childhood\/?doing_wp_cron=1754055049.6341619491577148437500\" target=\"_blank\" rel=\"noreferrer noopener\">module complet<\/a> est pertinent pour les cours sur le d\u00e9veloppement cognitif et langagier<\/td><\/tr><tr><td>Sant\u00e9 d\u00e9veloppementale<\/td><td><a href=\"https:\/\/content.scienceofecd.com\/third-edition-fr\/dh-2-2-the-gradient-effect\/?doing_wp_cron=1754055998.9012920856475830078125\" target=\"_blank\" rel=\"noreferrer noopener\">2.2 Incidences socio\u00e9conomiques des programmes de garde et d\u2019apprentissage des jeunes enfants<\/a> (et p.&nbsp;2.3, Les retomb\u00e9es \u00e9conomiques, dans l\u2019\u00e9dition d\u2019introduction)<\/td><\/tr><tr><td>Notions de base du d\u00e9veloppement de l\u2019enfant&nbsp;<\/td><td><a href=\"https:\/\/content.scienceofecd.com\/fr-primer\/5-les-etapes-importa\/?doing_wp_cron=1757712956.0169479846954345703125\" target=\"_blank\" rel=\"noreferrer noopener\">5. \u00c9tapes importantes du d\u00e9veloppement<\/a><br><a href=\"https:\/\/content.scienceofecd.com\/fr-primer\/6-lobservation-des-enfants\/\" target=\"_blank\" rel=\"noreferrer noopener\">6. Observation<\/a><\/td><\/tr><\/tbody><\/table><\/figure>\n\n\n\n<p class=\"wp-block-paragraph\">Liste des modules et des sections qui soutiennent l\u2019enseignement sur le d\u00e9veloppement cognitif et langagier.<\/p>\n\n\n\n<h3 class=\"wp-block-heading\"><strong>D\u00e9veloppement social et affectif<\/strong><\/h3>\n\n\n\n<figure class=\"wp-block-table\"><table class=\"has-fixed-layout\"><tbody><tr><td><strong>Module de la SECD<\/strong>&nbsp;<\/td><td><strong>Section\/page<\/strong>&nbsp;<\/td><\/tr><tr><td>D\u00e9veloppement du cerveau&nbsp;<\/td><td><a href=\"https:\/\/content.scienceofecd.com\/third-edition-fr\/experience-based-brain-development\/?doing_wp_cron=1754056145.9374170303344726562500\" target=\"_blank\" rel=\"noreferrer noopener\">1.2 D\u00e9veloppement du cerveau en fonction des exp\u00e9riences<br><\/a><a href=\"https:\/\/content.scienceofecd.com\/third-edition-fr\/bd-2-2-nurturing-2\/?doing_wp_cron=1754057834.6305561065673828125000\" target=\"_blank\" rel=\"noreferrer noopener\">2.2 Relations bienveillantes<\/a> (et p.&nbsp;2.1 de l\u2019\u00e9dition d\u2019introduction)<br><a href=\"https:\/\/content.scienceofecd.com\/third-edition-fr\/bd-3-practices-for-healthy-brain-development\/?doing_wp_cron=1754056451.1234719753265380859375\" target=\"_blank\" rel=\"noreferrer noopener\">3. Pratiques pour un d\u00e9veloppement sain du cerveau<\/a><\/td><\/tr><tr><td>Adaptation et comp\u00e9tences&nbsp;<\/td><td>Le <a href=\"https:\/\/content.scienceofecd.com\/third-edition-fr\/cc-1-coping-and-competence-overview\/?doing_wp_cron=1754054684.2340059280395507812500\" target=\"_blank\" rel=\"noreferrer noopener\">module complet<\/a> est pertinent pour les cours sur le d\u00e9veloppement social et affectif&nbsp;<\/td><\/tr><tr><td>Notions de base du d\u00e9veloppement de l\u2019enfant&nbsp;<\/td><td><a href=\"https:\/\/content.scienceofecd.com\/fr-primer\/5-les-etapes-importa\/?doing_wp_cron=1758300661.9332780838012695312500\" target=\"_blank\" rel=\"noreferrer noopener\">5. \u00c9tapes importantes du d\u00e9veloppement<\/a><br><a href=\"https:\/\/content.scienceofecd.com\/fr-primer\/6-lobservation-des-enfants\/\" target=\"_blank\" rel=\"noreferrer noopener\">6. Observation<\/a><\/td><\/tr><\/tbody><\/table><\/figure>\n\n\n\n<p class=\"wp-block-paragraph\">Liste des modules et des sections qui soutiennent l\u2019enseignement sur le d\u00e9veloppement social et affectif.<\/p>\n\n\n\n<h3 class=\"wp-block-heading\"><strong>Observation et communication<\/strong><\/h3>\n\n\n\n<figure class=\"wp-block-table\"><table class=\"has-fixed-layout\"><tbody><tr><td><strong>Module de la SECD<\/strong>&nbsp;<\/td><td><strong>Section\/page<\/strong>&nbsp;<\/td><\/tr><tr><td>D\u00e9veloppement du cerveau<\/td><td><a href=\"https:\/\/content.scienceofecd.com\/third-edition-fr\/bd-3-2-observing-childrens-development\/?doing_wp_cron=1747420819.7827610969543457031250\" target=\"_blank\" rel=\"noreferrer noopener\">3.2 Observation du d\u00e9veloppement de l\u2019enfant<\/a>&nbsp;<\/td><\/tr><tr><td>Communication et apprentissage&nbsp;<\/td><td><a href=\"https:\/\/content.scienceofecd.com\/third-edition-fr\/cl-2-5-inquiry\/?doing_wp_cron=1754055619.2605569362640380859375\" target=\"_blank\" rel=\"noreferrer noopener\">2.5 Comment les enfants apprennent*<\/a>&nbsp;<\/td><\/tr><tr><td>Sant\u00e9 d\u00e9veloppementale&nbsp;<\/td><td><a href=\"https:\/\/content.scienceofecd.com\/third-edition-fr\/2-3-monitoring-early-child-development-draft\/?doing_wp_cron=1754056628.4862620830535888671875\" target=\"_blank\" rel=\"noreferrer noopener\">2.3 Suivi du d\u00e9veloppement de la petite enfance*<\/a>&nbsp;<\/td><\/tr><tr><td>Notions de base du d\u00e9veloppement de l\u2019enfant&nbsp;<\/td><td><a href=\"https:\/\/content.scienceofecd.com\/fr-primer\/5-les-etapes-importa\/?doing_wp_cron=1758300661.9332780838012695312500\" target=\"_blank\" rel=\"noreferrer noopener\">5. \u00c9tapes importantes du d\u00e9veloppement<\/a><br><a href=\"https:\/\/content.scienceofecd.com\/fr-primer\/6-lobservation-des-enfants\/\">6. Observation<\/a>\u00a0<\/td><\/tr><\/tbody><\/table><\/figure>\n\n\n\n<p class=\"wp-block-paragraph\">Liste des modules et des sections qui soutiennent l\u2019enseignement sur l\u2019observation et la communication.<\/p>\n\n\n\n<h3 class=\"wp-block-heading\"><strong>Sant\u00e9 et bien-\u00eatre<\/strong><\/h3>\n\n\n\n<figure class=\"wp-block-table\"><table class=\"has-fixed-layout\"><tbody><tr><td><strong>Module de la SECD<\/strong><\/td><td><strong>Section\/page<\/strong>&nbsp;<\/td><\/tr><tr><td>D\u00e9veloppement du cerveau<\/td><td><a href=\"https:\/\/content.scienceofecd.com\/third-edition-fr\/bd-3-practices-for-healthy-brain-development\/\" target=\"_blank\" rel=\"noreferrer noopener\">Liens \u00e0 la pratique (3., 3.1, 3.2 et 3.3)<\/a>&nbsp;<\/td><\/tr><tr><td>Adaptation et comp\u00e9tences&nbsp;<\/td><td><a href=\"https:\/\/content.scienceofecd.com\/third-edition-fr\/cc-1-coping-and-competence-overview\/?doing_wp_cron=1754054684.2340059280395507812500\" target=\"_blank\" rel=\"noreferrer noopener\">1. Adaptation et comp\u00e9tences<\/a><br><a href=\"https:\/\/content.scienceofecd.com\/third-edition-fr\/cc-1-1-self-regulation\/?doing_wp_cron=1754056767.0854749679565429687500\" target=\"_blank\" rel=\"noreferrer noopener\">1.1 Autor\u00e9gulation<br><\/a><a href=\"https:\/\/content.scienceofecd.com\/third-edition-fr\/cc-2-3-resilienceandadversity\/?doing_wp_cron=1754055435.7887980937957763671875\" target=\"_blank\" rel=\"noreferrer noopener\">2.5 Adversit\u00e9 et r\u00e9silience*<\/a>&nbsp;<\/td><\/tr><tr><td>\u00c9cologie de l\u2019enfance&nbsp;<\/td><td><a href=\"https:\/\/content.scienceofecd.com\/third-edition-fr\/ec-placeholder\/?doing_wp_cron=1754055800.2421600818634033203125\" target=\"_blank\" rel=\"noreferrer noopener\">Aper\u00e7u (1., 1.1 et 1.2)<br><\/a><a href=\"https:\/\/content.scienceofecd.com\/third-edition-fr\/the-ecology-of-childhood-3-environments-for-children\/?doing_wp_cron=1754056813.2910289764404296875000\" target=\"_blank\" rel=\"noreferrer noopener\">3. Renforcer les environnements pour les enfants<br><\/a><a href=\"https:\/\/content.scienceofecd.com\/third-edition-fr\/the-ecology-of-childhood-3-1-sustaining-home-life\/?doing_wp_cron=1754056839.2468149662017822265625\" target=\"_blank\" rel=\"noreferrer noopener\">3.1 Maintien de la vie familiale<\/a><\/td><\/tr><tr><td>Sant\u00e9 d\u00e9veloppementale<\/td><td><a href=\"https:\/\/content.scienceofecd.com\/third-edition-fr\/dh-1-the-developmental-health-perspective\/?doing_wp_cron=1754055890.4310050010681152343750\" target=\"_blank\" rel=\"noreferrer noopener\">Aper\u00e7u (1., 1.1 et 1.2)<br><\/a><a href=\"https:\/\/content.scienceofecd.com\/third-edition-fr\/dh-2-developmental-health-research\/?doing_wp_cron=1754055928.7825639247894287109375\" target=\"_blank\" rel=\"noreferrer noopener\">2. Recherche li\u00e9e \u00e0 la sant\u00e9 d\u00e9veloppementale<br><\/a><a href=\"https:\/\/content.scienceofecd.com\/third-edition-fr\/dh-2-1-social-determinants-of-health\/?doing_wp_cron=1754055970.6699409484863281250000\" target=\"_blank\" rel=\"noreferrer noopener\">2.1 D\u00e9terminants sociaux de sant\u00e9, d\u2019apprentissage et de comportement<br><\/a><a href=\"https:\/\/content.scienceofecd.com\/third-edition-fr\/dh-3-2-shaping-public-policies\/?doing_wp_cron=1754056927.5586841106414794921875\" target=\"_blank\" rel=\"noreferrer noopener\">3.2 \u00c9laboration des politiques publiques<br><\/a><a href=\"https:\/\/content.scienceofecd.com\/third-edition-fr\/dh-3-3-closing-the-ga\/?doing_wp_cron=1754056959.9123148918151855468750\" target=\"_blank\" rel=\"noreferrer noopener\">3.3 Programme mondial<\/a>&nbsp;<\/td><\/tr><\/tbody><\/table><\/figure>\n\n\n\n<p class=\"wp-block-paragraph\">Liste des modules et des sections qui soutiennent l\u2019enseignement sur la sant\u00e9 et le bien-\u00eatre.<\/p>\n\n\n\n<h3 class=\"wp-block-heading\"><strong>Environnements d\u2019apprentissage et curriculums<\/strong><\/h3>\n\n\n\n<figure class=\"wp-block-table\"><table class=\"has-fixed-layout\"><tbody><tr><td><strong>Module de la SECD<\/strong><\/td><td><strong>Section\/page<\/strong>&nbsp;<\/td><\/tr><tr><td>Adaptation et comp\u00e9tences&nbsp;<\/td><td><a href=\"https:\/\/content.scienceofecd.com\/third-edition-fr\/cc-3-2-getting-along-with-others\/\" target=\"_blank\" rel=\"noreferrer noopener\">3.2 S\u2019entendre avec les autres<br><\/a><a href=\"https:\/\/content.scienceofecd.com\/third-edition-fr\/cc-3-3-valuing-play\/?doing_wp_cron=1754055523.0613210201263427734375\" target=\"_blank\" rel=\"noreferrer noopener\">3.3 Valoriser le jeu<\/a>&nbsp;<\/td><\/tr><tr><td>Communication et apprentissage&nbsp;<\/td><td><a href=\"https:\/\/content.scienceofecd.com\/third-edition-fr\/cl-1-2-thinking-and-learning\/\" target=\"_blank\" rel=\"noreferrer noopener\">1.2 R\u00e9flexion et apprentissage<\/a><br><a href=\"https:\/\/content.scienceofecd.com\/third-edition-fr\/cl-2-3-literacy\/?doing_wp_cron=1754055599.3380579948425292968750\" target=\"_blank\" rel=\"noreferrer noopener\">2.3 Litt\u00e9ratie<\/a> (et p.&nbsp;2.2 de l\u2019\u00e9dition d\u2019introduction)<br><a href=\"https:\/\/content.scienceofecd.com\/third-edition-fr\/cl-2-4-early-mathematics\/?doing_wp_cron=1754055752.3775680065155029296875\" target=\"_blank\" rel=\"noreferrer noopener\">2.4 Math\u00e9matiques \u00e0 la petite enfance<\/a> (et p.&nbsp;2.3 de l\u2019\u00e9dition d\u2019introduction)<br><a href=\"https:\/\/content.scienceofecd.com\/third-edition-fr\/cl-2-5-inquiry\/?doing_wp_cron=1754055619.2605569362640380859375\" target=\"_blank\" rel=\"noreferrer noopener\">2.5 Comment les enfants apprennent*<\/a><br><a href=\"https:\/\/content.scienceofecd.com\/third-edition-fr\/cl-3-opportunities-for-communicating-and-learning\/?doing_wp_cron=1754057184.8594141006469726562500\" target=\"_blank\" rel=\"noreferrer noopener\">Liens \u00e0 la pratique (3., 3.1, 3.2 et 3.3)<\/a><\/td><\/tr><tr><td>\u00c9cologie de l\u2019enfance<\/td><td><a href=\"https:\/\/content.scienceofecd.com\/third-edition-fr\/the-ecology-of-childhood-ec-2-2-early-childhood-education\/\" target=\"_blank\" rel=\"noreferrer noopener\">2.2 Programmes de d\u00e9veloppement des jeunes enfants<br><\/a><a href=\"https:\/\/content.scienceofecd.com\/third-edition-fr\/the-ecology-of-childhood-2-3-early-intervention\/?doing_wp_cron=1754057282.1791019439697265625000\" target=\"_blank\" rel=\"noreferrer noopener\">2.3 Int\u00e9gration des environnements pour les enfants et les familles<br><\/a><a href=\"https:\/\/content.scienceofecd.com\/third-edition-fr\/neighbourhoods-and-communities\/?doing_wp_cron=1754057312.6209559440612792968750\" target=\"_blank\" rel=\"noreferrer noopener\">2.5 Contexte culturel*<br><\/a><a href=\"https:\/\/content.scienceofecd.com\/third-edition-fr\/the-ecology-of-childhood\/?doing_wp_cron=1754057347.5819900035858154296875\" target=\"_blank\" rel=\"noreferrer noopener\">3.2 Renforcer les programmes de d\u00e9veloppement des jeunes enfants<\/a>&nbsp;<\/td><\/tr><tr><td>Notions de base du d\u00e9veloppement de l\u2019enfant&nbsp;<\/td><td><a href=\"https:\/\/content.scienceofecd.com\/fr-primer\/8-comprendre-le-jeu\/\" target=\"_blank\" rel=\"noreferrer noopener\">8. Comprendre le jeu<\/a><\/td><\/tr><\/tbody><\/table><\/figure>\n\n\n\n<p class=\"wp-block-paragraph\">Liste des modules et des sections qui soutiennent l\u2019enseignement sur les environnements d\u2019apprentissage et les curriculums.<\/p>\n\n\n\n<h3 class=\"wp-block-heading\"><strong>Orientation<\/strong><\/h3>\n\n\n\n<figure class=\"wp-block-table\"><table class=\"has-fixed-layout\"><tbody><tr><td><strong>Module de la SECD<\/strong><\/td><td><strong>Section\/page<\/strong>&nbsp;<\/td><\/tr><tr><td>D\u00e9veloppement du cerveau<\/td><td><a href=\"https:\/\/content.scienceofecd.com\/third-edition-fr\/bd-3-3-caring-through-everyday-experience\/\" target=\"_blank\" rel=\"noreferrer noopener\">3.3 Les soins dans les exp\u00e9riences quotidiennes<\/a><\/td><\/tr><tr><td>Adaptation et comp\u00e9tences&nbsp;<\/td><td>Le <a href=\"https:\/\/content.scienceofecd.com\/third-edition-fr\/cc-1-coping-and-competence-overview\/?doing_wp_cron=1754054684.2340059280395507812500\" target=\"_blank\" rel=\"noreferrer noopener\">module complet<\/a> est pertinent pour les cours sur le d\u00e9veloppement social et affectif&nbsp;<\/td><\/tr><tr><td>Communication et apprentissage<\/td><td><a href=\"https:\/\/content.scienceofecd.com\/third-edition-fr\/cl-1-2-thinking-and-learning\/\" target=\"_blank\" rel=\"noreferrer noopener\">1.2 R\u00e9flexion et apprentissage<br><\/a><a href=\"https:\/\/content.scienceofecd.com\/third-edition-fr\/cl-3-1-guiding-and-teaching\/?doing_wp_cron=1754057444.1299180984497070312500\" target=\"_blank\" rel=\"noreferrer noopener\">3.1 Orientation et enseignement<\/a><\/td><\/tr><tr><td>Notions de base du d\u00e9veloppement de l\u2019enfant&nbsp;<\/td><td><a href=\"https:\/\/content.scienceofecd.com\/allied-health\/cdp\/\" target=\"_blank\" rel=\"noreferrer noopener\">7. Orientation positive<\/a><\/td><\/tr><\/tbody><\/table><\/figure>\n\n\n\n<p class=\"wp-block-paragraph\">Liste des modules et des sections qui soutiennent l\u2019enseignement sur l\u2019orientation.<\/p>\n\n\n\n<h3 class=\"wp-block-heading\"><strong>Familles et communaut\u00e9s<\/strong><\/h3>\n\n\n\n<figure class=\"wp-block-table\"><table class=\"has-fixed-layout\"><tbody><tr><td><strong>Module de la SECD<\/strong><\/td><td><strong>Section\/page<\/strong>&nbsp;<\/td><\/tr><tr><td>Adaptation et comp\u00e9tences&nbsp;<\/td><td><a href=\"https:\/\/content.scienceofecd.com\/third-edition-fr\/cc-2-2-caring-relationships\/?doing_wp_cron=1754057468.0895841121673583984375\" target=\"_blank\" rel=\"noreferrer noopener\">2.2 Relations familiales<\/a><br><a href=\"https:\/\/content.scienceofecd.com\/third-edition-fr\/cc-2-3-resilienceandadversity\/?doing_wp_cron=1754055435.7887980937957763671875\" target=\"_blank\" rel=\"noreferrer noopener\">2.5 Adversit\u00e9 et r\u00e9silience*<\/a>&nbsp;<\/td><\/tr><tr><td>\u00c9cologie de l\u2019enfance&nbsp;<\/td><td><a href=\"https:\/\/content.scienceofecd.com\/third-edition-fr\/ec-placeholder\/?doing_wp_cron=1754055800.2421600818634033203125\" target=\"_blank\" rel=\"noreferrer noopener\">Aper\u00e7u (1., 1.1 et 1.2)<br><\/a><a href=\"https:\/\/content.scienceofecd.com\/third-edition-fr\/the-ecology-of-childhood-2-ecology-of-childhood-research\/\" target=\"_blank\" rel=\"noreferrer noopener\">2. Recherche sur l\u2019\u00e9cologie de l\u2019enfance<br><\/a><a href=\"https:\/\/content.scienceofecd.com\/third-edition-fr\/the-ecology-of-childhood-2-1-families\/?doing_wp_cron=1754057543.4651958942413330078125\" target=\"_blank\" rel=\"noreferrer noopener\">2.1 Familles<\/a><br><a href=\"https:\/\/content.scienceofecd.com\/third-edition-fr\/the-ecology-of-chidhood-2-4-integrated-early-childhood-programs\/?doing_wp_cron=1754057559.0598449707031250000000\" target=\"_blank\" rel=\"noreferrer noopener\">2.4 Quartiers et communaut\u00e9s*<\/a><br><a href=\"https:\/\/content.scienceofecd.com\/third-edition-fr\/the-ecology-of-childhood-3-1-sustaining-home-life\/?doing_wp_cron=1754056839.2468149662017822265625\" target=\"_blank\" rel=\"noreferrer noopener\">3.1 Maintien de la vie familiale<\/a><br><a href=\"https:\/\/content.scienceofecd.com\/third-edition-fr\/the-ecology-of-childhood-3-3-building-child-friendly-societies\/?doing_wp_cron=1754057578.6324338912963867187500\" target=\"_blank\" rel=\"noreferrer noopener\">3.3 Cr\u00e9ation de communaut\u00e9s adapt\u00e9es aux enfants et aux familles<\/a>&nbsp;<\/td><\/tr><tr><td>Sant\u00e9 d\u00e9veloppementale&nbsp;<\/td><td><a href=\"https:\/\/content.scienceofecd.com\/third-edition-fr\/dh-3-advocacy\/\" target=\"_blank\" rel=\"noreferrer noopener\">Liens \u00e0 la pratique (3., 3.1, 3.2 et 3.3)<\/a>&nbsp;<\/td><\/tr><\/tbody><\/table><\/figure>\n\n\n\n<p class=\"wp-block-paragraph\">Liste des modules et des sections qui soutiennent l\u2019enseignement sur les familles et les communaut\u00e9s.<\/p>\n\n\n\n<h3 class=\"wp-block-heading\"><strong>D\u00e9fense des int\u00e9r\u00eats, politiques et mesures l\u00e9gislatives<\/strong><\/h3>\n\n\n\n<figure class=\"wp-block-table\"><table class=\"has-fixed-layout\"><tbody><tr><td><strong>Module de la SECD<\/strong><\/td><td><strong>Section\/page<\/strong><\/td><\/tr><tr><td>Communication et apprentissage&nbsp;<\/td><td><a href=\"https:\/\/content.scienceofecd.com\/third-edition-fr\/cl-3-3-creating-curriculum\/?doing_wp_cron=1754057659.1713190078735351562500\" target=\"_blank\" rel=\"noreferrer noopener\">3.3 Cr\u00e9ation d\u2019un curriculum<\/a><\/td><\/tr><tr><td>\u00c9cologie de l\u2019enfance&nbsp;<\/td><td><a href=\"https:\/\/content.scienceofecd.com\/third-edition-fr\/the-ecology-of-childhood-1-2-child-rights-perspective\/\" target=\"_blank\" rel=\"noreferrer noopener\">1.2 Droits de l\u2019enfant<\/a><br><a href=\"https:\/\/content.scienceofecd.com\/third-edition-fr\/the-ecology-of-chidhood-2-4-integrated-early-childhood-programs\/?doing_wp_cron=1754057559.0598449707031250000000\" target=\"_blank\" rel=\"noreferrer noopener\">2.4 Quartiers et communaut\u00e9s*<\/a><br><a href=\"https:\/\/content.scienceofecd.com\/third-edition-fr\/the-ecology-of-childhood-3-environments-for-children\/?doing_wp_cron=1754056813.2910289764404296875000\" target=\"_blank\" rel=\"noreferrer noopener\">Liens \u00e0 la pratique (3., 3.1, 3.2 et 3.3)<\/a><\/td><\/tr><tr><td>Sant\u00e9 d\u00e9veloppementale<\/td><td>Le <a href=\"https:\/\/content.scienceofecd.com\/third-edition-fr\/dh-1-the-developmental-health-perspective\/?doing_wp_cron=1754055890.4310050010681152343750\" target=\"_blank\" rel=\"noreferrer noopener\">module complet<\/a> est pertinent pour les cours sur la d\u00e9fense des int\u00e9r\u00eats et les politiques publiques&nbsp;<\/td><\/tr><\/tbody><\/table><\/figure>\n\n\n\n<p class=\"wp-block-paragraph\">Liste des modules et des sections qui soutiennent l\u2019enseignement sur la d\u00e9fense des int\u00e9r\u00eats, les politiques et les mesures l\u00e9gislatives.<\/p>\n\n\n\n<h3 class=\"wp-block-heading\"><strong>M\u00e9thodes de recherche<\/strong><\/h3>\n\n\n\n<figure class=\"wp-block-table\"><table class=\"has-fixed-layout\"><tbody><tr><td><strong>Module de la SECD<\/strong>&nbsp;<\/td><td><strong>Section\/page<\/strong>&nbsp;<\/td><\/tr><tr><td>D\u00e9veloppement du cerveau&nbsp;<\/td><td><a href=\"https:\/\/content.scienceofecd.com\/third-edition-fr\/bd-2-early-brain-development-research\/?doing_wp_cron=1754057790.8632369041442871093750\" target=\"_blank\" rel=\"noreferrer noopener\">2. Recherche sur le d\u00e9veloppement du cerveau \u00e0 la petite enfance<br><\/a><a href=\"https:\/\/content.scienceofecd.com\/third-edition-fr\/bd-2-2-nurturing-2\/?doing_wp_cron=1754057834.6305561065673828125000\" target=\"_blank\" rel=\"noreferrer noopener\">2.2 Relations bienveillantes<\/a> (et p.&nbsp;2.1 de l\u2019\u00e9dition d\u2019introduction)<br><a href=\"https:\/\/content.scienceofecd.com\/third-edition-fr\/bd-2-3-stress-2\/?doing_wp_cron=1754057921.9670300483703613281250\" target=\"_blank\" rel=\"noreferrer noopener\">2.3 Stress<\/a> (et p.&nbsp;2.2 de l\u2019\u00e9dition d\u2019introduction)<br><a href=\"https:\/\/content.scienceofecd.com\/third-edition-fr\/bd-2-4-memory\/?doing_wp_cron=1754057938.8937599658966064453125\" target=\"_blank\" rel=\"noreferrer noopener\">2.4 M\u00e9moire<\/a> (et p.&nbsp;2.3 de l\u2019\u00e9dition d\u2019introduction)&nbsp;<\/td><\/tr><tr><td>\u00c9cologie de l\u2019enfance<\/td><td><a href=\"https:\/\/content.scienceofecd.com\/third-edition-fr\/the-ecology-of-childhood-2-ecology-of-childhood-research\/\" target=\"_blank\" rel=\"noreferrer noopener\">2. Recherche sur l\u2019\u00e9cologie de l\u2019enfance<\/a><br><a href=\"https:\/\/content.scienceofecd.com\/third-edition-fr\/the-ecology-of-childhood-2-1-families\/?doing_wp_cron=1754057543.4651958942413330078125\" target=\"_blank\" rel=\"noreferrer noopener\">2.1 Familles<\/a>&nbsp;<\/td><\/tr><tr><td>Sant\u00e9 d\u00e9veloppementale<\/td><td><a href=\"https:\/\/content.scienceofecd.com\/third-edition-fr\/dh-2-developmental-health-research\/?doing_wp_cron=1754055928.7825639247894287109375\" target=\"_blank\" rel=\"noreferrer noopener\">2. Recherche li\u00e9e \u00e0 la sant\u00e9 d\u00e9veloppementale<br><\/a><a href=\"https:\/\/content.scienceofecd.com\/third-edition-fr\/2-3-monitoring-early-child-development-draft\/?doing_wp_cron=1754056628.4862620830535888671875\" target=\"_blank\" rel=\"noreferrer noopener\">2.3 Suivi du d\u00e9veloppement de la petite enfance*<\/a>&nbsp;<\/td><\/tr><tr><td>Notions de base du d\u00e9veloppement de l\u2019enfant<\/td><td><a href=\"https:\/\/content.scienceofecd.com\/allied-health\/cdp-testing-theories\/\" target=\"_blank\" rel=\"noreferrer noopener\">3. \u00c9tude du d\u00e9veloppement de l\u2019enfant<\/a><\/td><\/tr><\/tbody><\/table><\/figure>\n\n\n\n<p class=\"wp-block-paragraph\">Liste des modules et des sections qui soutiennent l\u2019enseignement sur les m\u00e9thodes de recherche.<\/p>\n\n\n\n<h3 class=\"wp-block-heading\"><strong>\u00c9ducation de la petite enfance et professionnalisme<\/strong><\/h3>\n\n\n\n<figure class=\"wp-block-table\"><table class=\"has-fixed-layout\"><tbody><tr><td><strong>Module de la SECD<\/strong>&nbsp;<\/td><td><strong>Section\/page<\/strong><\/td><\/tr><tr><td>Communication et apprentissage&nbsp;<\/td><td><a href=\"https:\/\/content.scienceofecd.com\/third-edition-fr\/cl-3-3-creating-curriculum\/?doing_wp_cron=1754057659.1713190078735351562500\" target=\"_blank\" rel=\"noreferrer noopener\">3.3 Cr\u00e9ation d\u2019un curriculum<\/a>&nbsp;<\/td><\/tr><tr><td>\u00c9cologie de l\u2019enfance&nbsp;<\/td><td>2.2 Programmes de d\u00e9veloppement des jeunes enfants (et p.&nbsp;2.3 de l\u2019\u00e9dition d\u2019introduction)<br><a href=\"https:\/\/content.scienceofecd.com\/third-edition-fr\/the-ecology-of-childhood-2-3-early-intervention\/?doing_wp_cron=1754057282.1791019439697265625000\" target=\"_blank\" rel=\"noreferrer noopener\">2.3 Int\u00e9gration des environnements pour les enfants et les familles<br><\/a><a href=\"https:\/\/content.scienceofecd.com\/third-edition-fr\/neighbourhoods-and-communities\/?doing_wp_cron=1754057312.6209559440612792968750\" target=\"_blank\" rel=\"noreferrer noopener\">2.5 Contexte culturel*<br><\/a><a href=\"https:\/\/content.scienceofecd.com\/third-edition-fr\/the-ecology-of-childhood\/?doing_wp_cron=1754057347.5819900035858154296875\" target=\"_blank\" rel=\"noreferrer noopener\">3.2 Renforcer les programmes de d\u00e9veloppement des jeunes enfants<\/a>&nbsp;<\/td><\/tr><tr><td>Sant\u00e9 d\u00e9veloppementale&nbsp;<\/td><td><a href=\"https:\/\/content.scienceofecd.com\/third-edition-fr\/dh-2-4-tracking-development-over-time\/?doing_wp_cron=1754058108.0360438823699951171875\" target=\"_blank\" rel=\"noreferrer noopener\">2.4 Mise \u00e0 l\u2019\u00e9chelle des programmes de d\u00e9veloppement des jeunes enfants*<br><\/a><a href=\"https:\/\/content.scienceofecd.com\/third-edition-fr\/dh-3-1-making-the-case\/?doing_wp_cron=1754058134.8020989894866943359375\" target=\"_blank\" rel=\"noreferrer noopener\">3.1 Mobilisation en faveur du d\u00e9veloppement de la petite enfance<br><\/a><a href=\"https:\/\/content.scienceofecd.com\/third-edition-fr\/dh-3-2-shaping-public-policies\/?doing_wp_cron=1754056927.5586841106414794921875\" target=\"_blank\" rel=\"noreferrer noopener\">3.2 \u00c9laboration des politiques publiques<\/a>&nbsp;<\/td><\/tr><\/tbody><\/table><\/figure>\n\n\n\n<p class=\"wp-block-paragraph\">Liste des modules et des sections qui soutiennent l\u2019enseignement sur l\u2019\u00e9ducation de la petite enfance et le professionnalisme.<\/p>\n\n\n\n<p class=\"wp-block-paragraph\">* Page non disponible dans l\u2019\u00e9dition d\u2019introduction.<\/p>\n","protected":false},"excerpt":{"rendered":"<p>Suggestions de contenu de la SECD Les tableaux ci-dessous offrent des suggestions de contenu de la SECD pour les cours en mati\u00e8re de petite enfance. Chaque tableau se rapporte aux modules de l\u2019\u00e9dition nord-am\u00e9ricaine et de l\u2019\u00e9dition d\u2019introduction, ainsi qu\u2019\u00e0 la ressource Notions de base du d\u00e9veloppement de l\u2019enfant de la SECD. Des liens vers [&hellip;]<\/p>\n","protected":false},"author":39,"featured_media":0,"parent":0,"menu_order":0,"comment_status":"closed","ping_status":"closed","template":"template-text-only.php","meta":{"_acf_changed":false,"footnotes":""},"class_list":["post-3818","page","type-page","status-publish","hentry"],"acf":[],"_links":{"self":[{"href":"https:\/\/content.scienceofecd.com\/transcript\/wp-json\/wp\/v2\/pages\/3818","targetHints":{"allow":["GET"]}}],"collection":[{"href":"https:\/\/content.scienceofecd.com\/transcript\/wp-json\/wp\/v2\/pages"}],"about":[{"href":"https:\/\/content.scienceofecd.com\/transcript\/wp-json\/wp\/v2\/types\/page"}],"author":[{"embeddable":true,"href":"https:\/\/content.scienceofecd.com\/transcript\/wp-json\/wp\/v2\/users\/39"}],"replies":[{"embeddable":true,"href":"https:\/\/content.scienceofecd.com\/transcript\/wp-json\/wp\/v2\/comments?post=3818"}],"version-history":[{"count":4,"href":"https:\/\/content.scienceofecd.com\/transcript\/wp-json\/wp\/v2\/pages\/3818\/revisions"}],"predecessor-version":[{"id":3824,"href":"https:\/\/content.scienceofecd.com\/transcript\/wp-json\/wp\/v2\/pages\/3818\/revisions\/3824"}],"wp:attachment":[{"href":"https:\/\/content.scienceofecd.com\/transcript\/wp-json\/wp\/v2\/media?parent=3818"}],"curies":[{"name":"wp","href":"https:\/\/api.w.org\/{rel}","templated":true}]}}