{"id":3302,"date":"2025-04-24T15:09:07","date_gmt":"2025-04-24T15:09:07","guid":{"rendered":"https:\/\/content.scienceofecd.com\/transcript\/?page_id=3302"},"modified":"2025-04-24T15:09:07","modified_gmt":"2025-04-24T15:09:07","slug":"transcript-guhn-valuing-social-connection-fr","status":"publish","type":"page","link":"https:\/\/content.scienceofecd.com\/transcript\/transcript-guhn-valuing-social-connection-fr\/","title":{"rendered":"Transcript Guhn \u2013 valuing social connection \u2013 FR"},"content":{"rendered":"\n<p class=\"wp-block-paragraph\">Je pense que la principale r\u00e9alisation ou histoire de r\u00e9ussite de l\u2019Instrument de mesure du d\u00e9veloppement durant les ann\u00e9es interm\u00e9diaire s (IMDAI) est qu\u2019on commence \u00e0 tenir un diff\u00e9rent type de conversation sur les relations sociales, le r\u00f4le des \u00e9coles dans la communaut\u00e9, ainsi que le r\u00f4le que jouent les relations sociales des enfants dans leur bien-\u00eatre. Ce n\u2019est pas comme si par le pass\u00e9 les gens ignoraient l\u2019importance des relations sociales. Demandez \u00e0 quiconque et il vous dira que sa famille et ses amis sont l\u2019une des choses les plus importantes pour lui. Nous devons trouver une fa\u00e7on d\u2019organiser notre soci\u00e9t\u00e9 de fa\u00e7on \u00e0 accorder du temps pour les relations sociales, jouer ensemble et parler, car c\u2019est l\u2019essence de notre \u00eatre, mais si nous pensons seulement au transport, au PIB et \u00e0 d\u2019autres forces concurrentielles&#8230; Il ne faut pas perdre cet aspect parce que nous serons tous malheureux. Il faut trouver un \u00e9quilibre sain et prendre des mesures comme l\u2019IMDAI. Bien entendu, il existe aussi d\u2019autres initiatives qui sont tr\u00e8s utiles pour mettre ces choses en perspective. Nous devons cr\u00e9er un espace dans notre soci\u00e9t\u00e9, \u00e0 l\u2019\u00e9cole, au travail ou dans nos communaut\u00e9s, qui permet aux gens de passer du temps ensemble, et cela a toujours \u00e9t\u00e9 le cas, mais ce que r\u00e9v\u00e8le l\u2019IMDAI est que beaucoup d\u2019enfants disent ne pas se sentir li\u00e9s, ni avec leurs pairs ni avec les adultes dans leur environnement. Il faut se demander pourquoi, parce que c\u2019est fondamentalement mauvais et contre la nature humaine.<\/p>\n","protected":false},"excerpt":{"rendered":"<p>Je pense que la principale r\u00e9alisation ou histoire de r\u00e9ussite de l\u2019Instrument de mesure du d\u00e9veloppement durant les ann\u00e9es interm\u00e9diaire s (IMDAI) est qu\u2019on commence \u00e0 tenir un diff\u00e9rent type de conversation sur les relations sociales, le r\u00f4le des \u00e9coles dans la communaut\u00e9, ainsi que le r\u00f4le que jouent les relations sociales des enfants dans [&hellip;]<\/p>\n","protected":false},"author":39,"featured_media":0,"parent":0,"menu_order":0,"comment_status":"closed","ping_status":"closed","template":"template-text-only.php","meta":{"_acf_changed":false,"footnotes":""},"class_list":["post-3302","page","type-page","status-publish","hentry"],"acf":[],"_links":{"self":[{"href":"https:\/\/content.scienceofecd.com\/transcript\/wp-json\/wp\/v2\/pages\/3302","targetHints":{"allow":["GET"]}}],"collection":[{"href":"https:\/\/content.scienceofecd.com\/transcript\/wp-json\/wp\/v2\/pages"}],"about":[{"href":"https:\/\/content.scienceofecd.com\/transcript\/wp-json\/wp\/v2\/types\/page"}],"author":[{"embeddable":true,"href":"https:\/\/content.scienceofecd.com\/transcript\/wp-json\/wp\/v2\/users\/39"}],"replies":[{"embeddable":true,"href":"https:\/\/content.scienceofecd.com\/transcript\/wp-json\/wp\/v2\/comments?post=3302"}],"version-history":[{"count":1,"href":"https:\/\/content.scienceofecd.com\/transcript\/wp-json\/wp\/v2\/pages\/3302\/revisions"}],"predecessor-version":[{"id":3303,"href":"https:\/\/content.scienceofecd.com\/transcript\/wp-json\/wp\/v2\/pages\/3302\/revisions\/3303"}],"wp:attachment":[{"href":"https:\/\/content.scienceofecd.com\/transcript\/wp-json\/wp\/v2\/media?parent=3302"}],"curies":[{"name":"wp","href":"https:\/\/api.w.org\/{rel}","templated":true}]}}