{"id":1485,"date":"2025-03-06T14:55:15","date_gmt":"2025-03-06T14:55:15","guid":{"rendered":"https:\/\/content.scienceofecd.com\/transcript\/?page_id=1485"},"modified":"2025-03-06T14:55:52","modified_gmt":"2025-03-06T14:55:52","slug":"transcript-nelson-nelsons-lab","status":"publish","type":"page","link":"https:\/\/content.scienceofecd.com\/transcript\/transcript-nelson-nelsons-lab\/","title":{"rendered":"Transcript Nelson \u2013 Scene &#8211; Nelson&#8217;s lab"},"content":{"rendered":"\n<p class=\"wp-block-paragraph\">La pr\u00e9sente capsule vid\u00e9o comporte plusieurs segments. Le premier segment s\u2019intitule \u00ab&nbsp;La reconnaissance vocale&nbsp;\u00bb. Ce que vous voyez d\u2019abord est notre test qui \u00e9value la capacit\u00e9 du nouveau-n\u00e9 \u00e0 distinguer la voix de sa m\u00e8re de la voix d\u2019une personne \u00e9trang\u00e8re. Donc, nous commen\u00e7ons par mettre des \u00e9lectrodes sur la t\u00eate du b\u00e9b\u00e9, puis nous ins\u00e9rons un petit \u00e9couteur \u00e0 insertion dans l\u2019oreille du b\u00e9b\u00e9 pendant que le b\u00e9b\u00e9 se trouve dans un \u00e9tat de sommeil l\u00e9ger. Ensuite, le b\u00e9b\u00e9 entend la voix de sa m\u00e8re ou d\u2019une personne qu\u2019il ne conna\u00eet pas, qui dit des mots simples comme \u00ab&nbsp;all\u00f4 b\u00e9b\u00e9&nbsp;\u00bb. Le b\u00e9b\u00e9 entend donc les mots \u00ab&nbsp;all\u00f4 b\u00e9b\u00e9&nbsp;\u00bb dits par sa m\u00e8re et les mots \u00ab&nbsp;all\u00f4 b\u00e9b\u00e9&nbsp;\u00bb dits par une \u00e9trang\u00e8re. Et nous lui faisons \u00e9couter cela environ 100 fois, environ 50 fois pour chaque voix, et pendant ce temps, nous enregistrons l\u2019activit\u00e9 c\u00e9r\u00e9brale du b\u00e9b\u00e9. Et dans un segment de la capsule vid\u00e9o, vous verrez l\u2019activit\u00e9 c\u00e9r\u00e9brale du b\u00e9b\u00e9 monter et descendre sur un \u00e9cran bleu. Et l\u2019objectif de ce travail est non seulement d\u2019observer les syst\u00e8mes neuronaux responsables de la reconnaissance de la voix de la m\u00e8re, mais aussi d\u2019\u00e9tudier une population clinique de b\u00e9b\u00e9s qui, selon nous, ont eu des dommages \u00e0 la r\u00e9gion du cerveau li\u00e9e \u00e0 la m\u00e9moire. Ceux-ci n\u2019ont peut-\u00eatre pas b\u00e9n\u00e9fici\u00e9 de l\u2019exp\u00e9rience de pouvoir entendre la voix de leur m\u00e8re, et ainsi ils sont incapables de reconna\u00eetre la voix de leur m\u00e8re apr\u00e8s la naissance.<\/p>\n\n\n\n<p class=\"wp-block-paragraph\">Le segment suivant s\u2019intitule \u00ab&nbsp;La reconnaissance des visages&nbsp;\u00bb. Ce que vous nous voyez faire est une exp\u00e9rience comparable \u00e0 celle faite avec le nouveau-n\u00e9. Il s\u2019agit d\u2019un b\u00e9b\u00e9 de 6 mois. Nous pla\u00e7ons un filet d\u2019\u00e9lectrodes sur la t\u00eate du b\u00e9b\u00e9, puis nous lui montrons des photos de visages. Nous voulons savoir si l\u2019enfant peut distinguer entre un visage qu\u2019il a d\u00e9j\u00e0 vu et un nouveau visage. Ainsi, nous enregistrons encore une fois l\u2019activit\u00e9 c\u00e9r\u00e9brale, et encore une fois \u00e0 l\u2019\u00e9cran, vous pouvez voir une photo de l\u2019EEG du b\u00e9b\u00e9. Et l\u2019objectif de ce travail est d\u2019examiner les corr\u00e9lations neurologiques qui ont trait \u00e0 la diff\u00e9rentiation des visages.<\/p>\n\n\n\n<p class=\"wp-block-paragraph\">Voici un enfant plus \u00e2g\u00e9, il est \u00e2g\u00e9 de 4 ans. Le segment s\u2019intitule \u00ab&nbsp;La reconnaissance des \u00e9motions&nbsp;\u00bb. Encore une fois, nous enregistrons son activit\u00e9 c\u00e9r\u00e9brale. Mais cette fois-ci, nous montrons \u00e0 l\u2019enfant diff\u00e9rentes images d\u2019expressions faciales et nous cherchons \u00e0 savoir&nbsp;: a) l\u2019activit\u00e9 c\u00e9r\u00e9brale nous d\u00e9montre-t-elle la capacit\u00e9 de l\u2019enfant \u00e0 faire la distinction entre les diff\u00e9rentes expressions? Et b) le cerveau de l\u2019enfant nous d\u00e9montre-t-il des activit\u00e9s c\u00e9r\u00e9brales uniques \u00e0 certaines expressions plut\u00f4t qu\u2019\u00e0 d\u2019autres? Par exemple, dans certains de nos travaux ant\u00e9rieurs, nous avons d\u00e9montr\u00e9 que les expressions de col\u00e8re affichent des changements particuliers dans l\u2019activit\u00e9 c\u00e9r\u00e9brale qui ne se pr\u00e9sentent pas dans le cas des autres expressions faciales li\u00e9es aux \u00e9motions. L\u2019objectif de ce travail est donc d\u2019examiner les corr\u00e9lations neurologiques qui ont trait \u00e0 la reconnaissance des \u00e9motions.<\/p>\n\n\n\n<p class=\"wp-block-paragraph\">Et enfin, dans le dernier segment intitul\u00e9 IRMf, nous vous pr\u00e9sentons la fa\u00e7on dont nous menons des \u00e9tudes d\u2019imagerie par r\u00e9sonance magn\u00e9tique fonctionnelle. Il s\u2019agit d\u2019une enfant de 8 ans et on l\u2019am\u00e8ne dans la salle de l\u2019imageur et vous pouvez voir \u00e0 quoi ressemble le tunnel, l\u2019imageur IRM. L\u2019enfant embarque sur le lit qui monte, puis nous glissons l\u2019enfant dans le tunnel, et nous lui donnons un bo\u00eetier avec des boutons. Pour l\u2019exp\u00e9rience, sur l\u2019\u00e9cran devant elle, nous lui montrons diff\u00e9rents motifs et elle doit appuyer sur un bouton qui indique si elle a d\u00e9j\u00e0 vu le motif ou s\u2019il s\u2019agit d\u2019un nouveau motif. Et donc, elle n\u2019a qu\u2019\u00e0 appuyer sur un bouton qui correspond \u00e0 savoir si elle a d\u00e9j\u00e0 vu ou non l\u2019un de ces motifs. Et lors de l\u2019exp\u00e9rience, nous prenons des photos tr\u00e8s d\u00e9taill\u00e9es de son cerveau. Nous saurons donc pr\u00e9cis\u00e9ment quelle partie du cerveau est responsable de l\u2019ex\u00e9cution de notre t\u00e2che. Ce test dure environ 20 minutes.<\/p>\n","protected":false},"excerpt":{"rendered":"<p>La pr\u00e9sente capsule vid\u00e9o comporte plusieurs segments. Le premier segment s\u2019intitule \u00ab&nbsp;La reconnaissance vocale&nbsp;\u00bb. Ce que vous voyez d\u2019abord est notre test qui \u00e9value la capacit\u00e9 du nouveau-n\u00e9 \u00e0 distinguer la voix de sa m\u00e8re de la voix d\u2019une personne \u00e9trang\u00e8re. Donc, nous commen\u00e7ons par mettre des \u00e9lectrodes sur la t\u00eate du b\u00e9b\u00e9, puis nous [&hellip;]<\/p>\n","protected":false},"author":39,"featured_media":0,"parent":0,"menu_order":0,"comment_status":"closed","ping_status":"closed","template":"template-text-only.php","meta":{"_acf_changed":false,"footnotes":""},"class_list":["post-1485","page","type-page","status-publish","hentry"],"acf":[],"_links":{"self":[{"href":"https:\/\/content.scienceofecd.com\/transcript\/wp-json\/wp\/v2\/pages\/1485","targetHints":{"allow":["GET"]}}],"collection":[{"href":"https:\/\/content.scienceofecd.com\/transcript\/wp-json\/wp\/v2\/pages"}],"about":[{"href":"https:\/\/content.scienceofecd.com\/transcript\/wp-json\/wp\/v2\/types\/page"}],"author":[{"embeddable":true,"href":"https:\/\/content.scienceofecd.com\/transcript\/wp-json\/wp\/v2\/users\/39"}],"replies":[{"embeddable":true,"href":"https:\/\/content.scienceofecd.com\/transcript\/wp-json\/wp\/v2\/comments?post=1485"}],"version-history":[{"count":2,"href":"https:\/\/content.scienceofecd.com\/transcript\/wp-json\/wp\/v2\/pages\/1485\/revisions"}],"predecessor-version":[{"id":1487,"href":"https:\/\/content.scienceofecd.com\/transcript\/wp-json\/wp\/v2\/pages\/1485\/revisions\/1487"}],"wp:attachment":[{"href":"https:\/\/content.scienceofecd.com\/transcript\/wp-json\/wp\/v2\/media?parent=1485"}],"curies":[{"name":"wp","href":"https:\/\/api.w.org\/{rel}","templated":true}]}}