{"id":513,"date":"2011-11-21T16:28:57","date_gmt":"2011-11-21T16:28:57","guid":{"rendered":"http:\/\/content.scienceofecd.com\/third-edition-fr\/?page_id=513"},"modified":"2025-11-14T22:12:07","modified_gmt":"2025-11-14T22:12:07","slug":"e-c-1-1-contexts","status":"publish","type":"page","link":"https:\/\/content.scienceofecd.com\/third-edition-fr\/e-c-1-1-contexts\/","title":{"rendered":"\u00c9E\u00a01.1 Contextes"},"content":{"rendered":"\n<p class=\"wp-block-paragraph\">Le d\u00e9veloppement des gens se produit dans le contexte de moments et d\u2019endroits particuliers. Les enfants sont \u00e9lev\u00e9s dans de nombreux diff\u00e9rents types de familles, de foyers et de communaut\u00e9s.<\/p>\n\n\n<div class=\"lazyblock-consider-full-Z1Bv5OF wp-block-lazyblock-consider-full\"><div class=\"consider-full\">\n<p>\n<h3>Examinons\u2026<\/h3>\n\n<h4>Jacob<\/h4>\n<figure><img loading=\"lazy\" decoding=\"async\" class=\"size-full wp-image-4830 alignright\" title=\"Rural2\" src=\"http:\/\/content.scienceofecd.com\/third-edition\/files\/2011\/11\/Rural2.jpg\" alt=\"\" width=\"180\" height=\"141\"><\/figure><p>Jacob, \u00e2g\u00e9 de quatre ans, vit sur une ferme pr\u00e8s de Milo, une petite ville du sud-est de l\u2019Alberta. Son p\u00e8re est cultivateur de bl\u00e9 et sa m\u00e8re est infirmi\u00e8re et travaille par quarts \u00e0 l\u2019h\u00f4pital&#8230;<\/p>\n<div class=\"clearfix\">&nbsp;<\/div>\n<h4>Ziba<\/h4>\n<figure><img loading=\"lazy\" decoding=\"async\" class=\"alignright size-full wp-image-4831\" style=\"clear: right\" title=\"Suburban\" src=\"http:\/\/content.scienceofecd.com\/third-edition\/files\/2011\/11\/Suburban.jpg\" alt=\"\" width=\"180\" height=\"135\"><\/figure><p>Ziba, \u00e2g\u00e9e de quatre ans, vit dans une banlieue de Moncton, au Nouveau-Brunswick. Elle vit avec sa m\u00e8re et son fr\u00e8re a\u00een\u00e9, Ben, dans une maison de trois chambres avec une cour arri\u00e8re&#8230;<\/p>\n<div class=\"clearfix\">&nbsp;<\/div>\n<h4>Michelle<\/h4>\n<img loading=\"lazy\" decoding=\"async\" class=\"alignright size-full wp-image-4833\" style=\"clear: right\" title=\"Urbain\" src=\"http:\/\/content.scienceofecd.com\/third-edition\/files\/2011\/11\/Urban2.jpg\" alt=\"\" width=\"180\" height=\"134\"><\/figure><p>Michelle, \u00e2g\u00e9e de quatre ans, vit au centre-ville de Montr\u00e9al dans un logement social subventionn\u00e9 avec ses s\u0153urs jumelles \u00e2g\u00e9es de deux ans, Alisha et Jean-Marie. Sa m\u00e8re est \u00e9tudiante&#8230; \n<strong><a href=\"https:\/\/content.scienceofecd.com\/transcript\/consider-different-contexts-jacob-fr\/\" target=\"_blank\" rel=\"noopener\">En savoir plus<\/a>&nbsp;<\/strong>\n<\/p>\n<\/div><\/div>\n\n<div class=\"lazyblock-reflect-Z7EKWF wp-block-lazyblock-reflect\"><div class=\"reflect\">\n\n\n<p class=\"wp-block-paragraph\">En grandissant au Canada, qu\u2019est-ce que ces enfants ont en commun?<\/p>\n\n\n\n<p class=\"wp-block-paragraph\">Quelles diff\u00e9rences vivent-ils dans leur exp\u00e9rience quotidienne et leur contexte familial? Selon vous, quel r\u00f4le ces diff\u00e9rences peuvent-elles jouer?<\/p>\n\n<\/div><\/div>\n\n\n<p class=\"wp-block-paragraph\">Le terrain environnant et les ressources physiques \u00e0 la disposition des familles contribuent \u00e9galement \u00e0 rendre la vie quotidienne plus facile ou plus difficile. Au Canada, les variations g\u00e9ographiques sont \u00e9normes. Songez aux diff\u00e9rences g\u00e9ographiques entre le sud de la Colombie-Britannique et le Nunavut, ou entre les Prairies et la c\u00f4te sud de la Nouvelle-\u00c9cosse. Qu\u2019est-ce que cela signifie dans la vie quotidienne d\u2019un enfant? De nombreux autres facteurs qui se trouvent dans les environnements entourant les enfants exercent une influence sur leur d\u00e9veloppement et leur vie. Par exemple, songez aux diff\u00e9rents contextes culturels de chaque famille et communaut\u00e9. Pensez aux soutiens et aux services offerts aux familles. Que pourraient \u00eatre les effets des diff\u00e9rentes possibilit\u00e9s \u00e9conomiques sur les familles et les communaut\u00e9s? Qu\u2019est-ce que cela signifie dans la vie quotidienne d\u2019un enfant?<\/p>\n\n\n\n<h3 class=\"wp-block-heading\">Th\u00e9orie des syst\u00e8mes bio\u00e9cologiques<\/h3>\n\n\n<div class=\"wp-block-image\">\n<figure class=\"alignright size-medium\"><a href=\"https:\/\/content.scienceofecd.com\/third-edition-fr\/files\/2025\/04\/bronfenbrenner-Fr.jpg\" target=\"_blank\" rel=\"noopener\"><img loading=\"lazy\" decoding=\"async\" width=\"300\" height=\"238\" src=\"https:\/\/content.scienceofecd.com\/third-edition-fr\/files\/2025\/04\/bronfenbrenner-Fr-300x238.jpg\" alt=\"Diagramme d\u2019ovales concentriques. Il y a un cercle, au centre, appel\u00e9 \u00ab Microsyst\u00e8me \u00bb, qui contient l\u2019image d\u2019un b\u00e9b\u00e9. Il y a trois cercles, chevauchant l\u2019image du b\u00e9b\u00e9, intitul\u00e9 \u00ab M\u00e9sosyst\u00e8me \u00bb. La prochaine section en s\u2019\u00e9loignant du centre est un ovale appel\u00e9 \u00ab Exosyst\u00e8me \u00bb. L\u2019ovale le plus \u00e9loign\u00e9 s\u2019appelle \u00ab Macrosyst\u00e8me \u00bb.\n\u00c0 la droite des ovales, pointant le haut et le bas, se trouve une fl\u00e8che double intitul\u00e9e \u00ab Chronosyst\u00e8me \u00bb.\" class=\"wp-image-14214\" title=\"bronfenbrenner\" srcset=\"https:\/\/content.scienceofecd.com\/third-edition-fr\/files\/2025\/04\/bronfenbrenner-Fr-300x238.jpg 300w, https:\/\/content.scienceofecd.com\/third-edition-fr\/files\/2025\/04\/bronfenbrenner-Fr.jpg 500w\" sizes=\"auto, (max-width: 300px) 100vw, 300px\" \/><\/a><\/figure>\n<\/div>\n\n\n<p class=\"wp-block-paragraph\">La th\u00e9orie des syst\u00e8mes \u00e9cologiques (1979) d\u2019Urie&nbsp;Bronfenbrenner, Ph. D., a fa\u00e7onn\u00e9 l\u2019\u00e9tude actuelle du d\u00e9veloppement de l\u2019enfant en Am\u00e9rique du Nord. Sa th\u00e9orie, souvent repr\u00e9sent\u00e9e par des cercles imbriqu\u00e9s, d\u00e9crit les relations et les interactions entre le contexte imm\u00e9diat d\u2019un enfant (famille, amis et programmes de petite enfance) et les syst\u00e8mes environnementaux plus vastes (\u00e9conomie nationale, structures politiques, lois, valeurs et culture). Bronfenbrenner a plus tard reconnu l\u2019influence du syst\u00e8me biologique propre \u00e0 un enfant et a incorpor\u00e9 cette notion dans sa th\u00e9orie, qu\u2019il a renomm\u00e9e la th\u00e9orie bio\u00e9cologique du d\u00e9veloppement humain.<\/p>\n\n\n<div class=\"lazyblock-read-Z1P9F8n wp-block-lazyblock-read\"><div class=\"read context-container\">\n   <a target=\"_blank\" href=\"https:\/\/content.scienceofecd.com\/transcript\/read-bioecological-systems-theory-fr\/\" class=\"tap-container\">\n      <div class=\"tap-icon\"><\/div>\n      <div class=\"tap-content\">\n         <span class=\"tap-label\">LIRE<\/span><span class=\"tap-description\">Th\u00e9orie des syst\u00e8mes bio\u00e9cologiques<\/span><\/span>      \n      <\/div>\n   <\/a>\n<\/div><\/div>\n\n<div class=\"lazyblock-interact-Z2jGx7U wp-block-lazyblock-interact\"><div class=\"interact-link context-container\">\n  <a target=\"_blank\" href=\"Http:\/\/hscsr.rrc.ca\/secd\/interactions\/ecological-dragDrop\/ecological-dragDrop-Fr.html\" class=\"tap-container interact\">\n    <div class=\"tap-icon\"><\/div>\n    <div class=\"tap-content\">\n      <span class=\"tap-label\">INTERAGIR<\/span>\n      <span class=\"tap-description\">Mod\u00e8le \u00e9cologique<\/span>\n    <\/div>\n  <\/a>\n<\/div><\/div>\n\n\n<p class=\"wp-block-paragraph\">La th\u00e9orie bio\u00e9cologique d\u2019Urie Bronfenbrenner est consid\u00e9r\u00e9e comme une influence majeure dans la recherche sur le d\u00e9veloppement de la petite enfance.<\/p>\n\n\n<div class=\"lazyblock-reflect-ZIWzuc wp-block-lazyblock-reflect\"><div class=\"reflect\">\n\n\n<p class=\"wp-block-paragraph\">Comment croyez-vous que la propre exp\u00e9rience en bas \u00e2ge de Bronfenbrenner a fa\u00e7onn\u00e9 sa perspective du d\u00e9veloppement humain?<\/p>\n\n\n\n<p class=\"wp-block-paragraph\">Pensez \u00e0 un enfant particulier que vous connaissez. Selon vous, quels sont les \u00e9l\u00e9ments les plus importants dans le foyer de cet enfant (c.-\u00e0-d. son microsyst\u00e8me le plus important)?<\/p>\n\n<\/div><\/div>\n\n<div class=\"lazyblock-consider-full-27SzXD wp-block-lazyblock-consider-full\"><div class=\"consider-full\">\n<p>\n<h4>Examinons\u2026<\/h4>\n\nIsabella a douze ans. Elle demeure avec sa m\u00e8re (Bianca), son p\u00e8re (Borys) et son fr\u00e8re plus jeune (Luca) dans une maison en rang\u00e9e d\u2019un quartier du centre-ville de Hamilton&#8230; <strong><a href=\"https:\/\/secd-files.s3.amazonaws.com\/pdfs\/consider\/Isabella.pdf?X-Amz-Content-Sha256=UNSIGNED-PAYLOAD&amp;X-Amz-Algorithm=AWS4-HMAC-SHA256&amp;X-Amz-Credential=AKIA3JEJM3JRPFY3NK6F%2F20260906%2Fus-east-1%2Fs3%2Faws4_request&amp;X-Amz-Date=20260906T030425Z&amp;X-Amz-SignedHeaders=host&amp;X-Amz-Expires=1000&amp;X-Amz-Signature=699f2cd2f95097b528398c488a065e77712b519bf39d76a8194851252eba8a31\" target=\"_blank\" rel=\"noopener\">En savoir plus<\/a>&nbsp;<\/strong>\n<\/p>\n<\/div><\/div>\n\n<div class=\"lazyblock-reflect-2mKHo1 wp-block-lazyblock-reflect\"><div class=\"reflect\">\n\n\n<p class=\"wp-block-paragraph\">Pouvez-vous d\u00e9crire le microsyst\u00e8me d\u2019Isabella (sa famille, ses pairs et l\u2019\u00e9cole)?<\/p>\n\n\n\n<p class=\"wp-block-paragraph\">Et son m\u00e9sosyst\u00e8me?<\/p>\n\n\n\n<p class=\"wp-block-paragraph\">Pouvez-vous penser \u00e0 ce qui constituerait le macrosyst\u00e8me (les tendances id\u00e9ologiques et institutionnelles d\u2019une culture ou d\u2019une sous-culture particuli\u00e8re) \u00e0 l\u2019endroit o\u00f9 Isabella demeure?<\/p>\n\n\n\n<p class=\"wp-block-paragraph\">Quels sont les \u00e9l\u00e9ments actuels du chronosyst\u00e8me d\u2019Isabella?<\/p>\n\n<\/div><\/div>\n\n\n<p class=\"wp-block-paragraph\">Cliquez sur le prochain jeu de r\u00e9vision pour \u00e9valuer votre compr\u00e9hension de la th\u00e9orie de Bronfenbrenner.<\/p>\n\n\n<div class=\"lazyblock-interact-1ncFSY wp-block-lazyblock-interact\"><div class=\"interact-link context-container\">\n  <a target=\"_blank\" href=\"http:\/\/hscsr.rrc.ca\/secd\/interactions\/intIntro-HowSure-EC3\/intIntro-HowSure-EC3-Fr.html\" class=\"tap-container interact\">\n    <div class=\"tap-icon\"><\/div>\n    <div class=\"tap-content\">\n      <span class=\"tap-label\">INTERAGIR<\/span>\n      <span class=\"tap-description\">\u00c0 quel point \u00eates-vous certain?<\/span>\n    <\/div>\n  <\/a>\n<\/div><\/div>\n\n\n<blockquote class=\"wp-block-quote is-layout-flow wp-block-quote-is-layout-flow\">\n<p class=\"wp-block-paragraph\">\u00ab Le mod\u00e8le \u00e9cologique du d\u00e9veloppement de l\u2019enfant place l\u2019individu (l\u2019enfant) au centre, mais le message fondamental du mod\u00e8le est que le d\u00e9veloppement de l\u2019enfant se produit dans une matrice complexe de relations interpersonnelles et d\u2019institutions sociales. (Woodhouse, 2020, p. 74)<\/p>\n<\/blockquote>\n\n\n\n<p class=\"wp-block-paragraph\"><span style=\"line-height: 1.5\">Mildred Warner, Ph. D., \u00e9conomiste am\u00e9ricaine \u00e0 la Cornell University, veut que nous pensions aux personnes, aux lieux et aux contextes lorsque nous r\u00e9fl\u00e9chissons au d\u00e9veloppement des enfants. Elle fait une mise en garde contre l\u2019id\u00e9e de pouvoir \u00ab ins\u00e9rer un peu d\u2019\u00e9ducation des jeunes enfants \u00bb sans tenir compte de l\u2019enfant, de la famille, du quartier et de la communaut\u00e9 plus vaste.<\/span><\/p>\n\n\n<div class=\"lazyblock-watch-expand-transcript-2mwVNh wp-block-lazyblock-watch-expand-transcript\"><div class=\"watch-expand expand-container context-container\">\n   <div class=\"watch tap-to-expand tap-container\">\n      <div class=\"tap-icon\"><\/div>\n      <div class=\"tap-content\">\n         <span class=\"tap-label\">VISIONNER<\/span>\n         <span class=\"tap-description\">Warner \u2013 le cadre \u00e9cologique (2:00)<\/span>\n        \n      <\/div>\n   <\/div>\n   <div class=\"output-content collapse\" style=\"height: 0px;\">\n      <div class=\"vimeo-container\">\n         <iframe webkitallowfullscreen=\"\" mozallowfullscreen=\"\" allowfullscreen=\"\" src=\"\/\/player.vimeo.com\/video\/90191872?api=1\" frameborder=\"0\"><\/iframe>\n      <\/div><br>\n      <p><a href=\"https:\/\/content.scienceofecd.com\/transcript\/transcript-warner-ecological-framework-fr\/\" target=\"_blank\">Warner \u2013 le cadre \u00e9cologique &#8211; Transcription textuelle<\/a><\/p>\n   <\/div>\n<\/div><\/div>\n\n<div class=\"lazyblock-reflect-1Biv2M wp-block-lazyblock-reflect\"><div class=\"reflect\">\n\n\n<p class=\"wp-block-paragraph\">De quelles fa\u00e7ons les points de vue de Warner au sujet du d\u00e9veloppement de l\u2019enfant cadrent-ils avec la th\u00e9orie de Bronfenbrenner?<\/p>\n\n\n\n<p class=\"wp-block-paragraph\">Warner mentionne certains des stress dans la vie des parents. Quels effets pensez-vous qu\u2019ils ont sur l\u2019environnement imm\u00e9diat quotidien de l\u2019enfant?<\/p>\n\n\n\n<p class=\"wp-block-paragraph\">Warner sugg\u00e8re que les politiques gouvernementales jouent aussi un r\u00f4le dans la vie quotidienne des enfants. Selon vous, quelles politiques publiques changent le plus de choses dans la vie quotidienne des enfants?<\/p>\n\n<\/div><\/div>\n\n\n<h3 class=\"wp-block-heading\">Nature culturelle du d\u00e9veloppement humain<\/h3>\n\n\n\n<p class=\"wp-block-paragraph\">Nous ne pouvons nous s\u00e9parer de notre culture. La culture comprend nos valeurs, nos croyances et nos modes de vie. Elle est indissociable de la langue et, dans son sens le plus large, comprend tout ce que nous avons appris de notre exp\u00e9rience sociale.<\/p>\n\n\n\n<p class=\"wp-block-paragraph\">Lev Vygotsky, Ph. D. et psychologue russe du d\u00e9but du 20<sup>e<\/sup> si\u00e8cle, se figurait le d\u00e9veloppement humain individuel dans son contexte social, culturel et historique.<\/p>\n\n\n<div class=\"lazyblock-read-Z21fXuj wp-block-lazyblock-read\"><div class=\"read context-container\">\n   <a target=\"_blank\" href=\"https:\/\/content.scienceofecd.com\/transcript\/read-vygotsky-and-socio-cultural-theory-fr\/\" class=\"tap-container\">\n      <div class=\"tap-icon\"><\/div>\n      <div class=\"tap-content\">\n         <span class=\"tap-label\">LIRE<\/span><span class=\"tap-description\">Vygotsky et la th\u00e9orie socioculturelle<\/span><\/span>      \n      <\/div>\n   <\/a>\n<\/div><\/div>\n\n\n<p class=\"wp-block-paragraph\">Barbara Rogoff, Ph. D. de la University of California Santa Cruz, et ses coll\u00e8gues (2003) d\u00e9finissent le d\u00e9veloppement humain comme un processus culturel qui se produit en modifiant la participation aux activit\u00e9s culturelles. Les pratiques en mati\u00e8re de parentalit\u00e9 sont fond\u00e9es sur la culture et refl\u00e8tent les points de vue locaux sur le monde et sur la fa\u00e7on dont nous croyons devoir pr\u00e9parer les enfants \u00e0 participer \u00e0 ce monde. Les cultures d\u00e9finissent les t\u00e2ches pour les enfants. Les diff\u00e9rentes circonstances se traduisent par des comp\u00e9tences sociales, des capacit\u00e9s cognitives et des sentiments tr\u00e8s diff\u00e9rents \u00e0 l\u2019\u00e9gard de soi-m\u00eame et d\u2019autrui.<\/p>\n\n\n<div class=\"lazyblock-reflect-Z1k0i1 wp-block-lazyblock-reflect\"><div class=\"reflect\">\n\n\n<p class=\"wp-block-paragraph\">Que pensez-vous de l\u2019influence de la culture sur le d\u00e9veloppement humain?<\/p>\n\n\n\n<p class=\"wp-block-paragraph\">Pouvez-vous donner des exemples de la fa\u00e7on dont votre culture a influenc\u00e9 votre d\u00e9veloppement?<\/p>\n\n<\/div><\/div>\n\n\n<p class=\"wp-block-paragraph\">La th\u00e9orie \u00e9cologique du d\u00e9veloppement humain de Bronfenbrenner consid\u00e8re l\u2019individu et sa culture comme des entit\u00e9s distinctes. De ce point de vue, la culture influence l\u2019individu par l\u2019interm\u00e9diaire des caract\u00e9ristiques du foyer et de la communaut\u00e9, ou par l\u2019interm\u00e9diaire des contextes plus distants, comme les institutions soci\u00e9tales plus vastes. Quant \u00e0 lui, Rogoff voit la culture comme \u00e9tant ins\u00e9parable de l\u2019individu.<\/p>\n\n\n\n<p class=\"wp-block-paragraph\">L\u2019approche de Rogoff allie le point de vue de Bronfenbrenner selon lequel les nombreuses couches de l\u2019environnement d\u2019un enfant interagissent ensemble, avec le point de vue de Vygotsky selon lequel les enfants dans toutes les communaut\u00e9s sont des participants culturels, qui vivent dans une communaut\u00e9 particuli\u00e8re \u00e0 un moment pr\u00e9cis dans l\u2019histoire.<\/p>\n\n\n<div class=\"lazyblock-interact-Z1e8sBQ wp-block-lazyblock-interact\"><div class=\"interact-link context-container\">\n  <a target=\"_blank\" href=\"http:\/\/hscsr.rrc.ca\/secd\/interactions\/differentPerspectives\/differentPerspectives-Fr.html\" class=\"tap-container interact\">\n    <div class=\"tap-icon\"><\/div>\n    <div class=\"tap-content\">\n      <span class=\"tap-label\">INTERAGIR<\/span>\n      <span class=\"tap-description\">Diff\u00e9rentes perspectives<\/span>\n    <\/div>\n  <\/a>\n<\/div><\/div>\n\n\n<blockquote class=\"wp-block-quote is-layout-flow wp-block-quote-is-layout-flow\">\n<p class=\"wp-block-paragraph\">\u00ab Le mod\u00e8le \u00e9cologique capture une v\u00e9rit\u00e9 fondamentale du d\u00e9veloppement humain : il n\u2019y a pas qu\u2019une seule \u00ab\u00a0enfance\u00a0\u00bb, tout comme il n\u2019y a pas qu\u2019un seul \u00ab\u00a0\u00e2ge adulte\u00a0\u00bb. Au lieu de cela, chaque enfance est fa\u00e7onn\u00e9e par un contexte vivant et est v\u00e9cue dans un tel contexte. Une g\u00e9ographie sociale, culturelle et physique particuli\u00e8re pr\u00e9pare le terrain sur lequel l\u2019enfance se d\u00e9roule. (Woodhouse, 2020, p. 15)<\/p>\n<\/blockquote>\n\n\n\n<p class=\"wp-block-paragraph\">La vid\u00e9o suivante illustre l\u2019importance de la famille, du jeu et de la pertinence culturelle dans les programmes pour enfants offerts aux communaut\u00e9s inuites et de Premi\u00e8res Nations dans l\u2019ensemble du pays.<\/p>\n\n\n<div class=\"lazyblock-watch-expand-thumbnail-1pr4qP wp-block-lazyblock-watch-expand-thumbnail\"><div class=\"watch-expand expand-container context-container\">\n   <div class=\"watch tap-to-expand tap-container\">\n      <div class=\"tap-icon\"><\/div>\n      <div class=\"video-thumbnail\"><img decoding=\"async\" src=\"https:\/\/content.scienceofecd.com\/third-edition-fr\/files\/2022\/05\/90190159.jpg\"><\/div>\n      <div class=\"tap-content\">\n         <span class=\"tap-label\">VISIONNER<\/span><span class=\"tap-description\">Nos enfants, nos fa\u00e7ons d\u2019\u00eatre \u2013 l\u2019\u00c9P\u00c9 dans les communaut\u00e9s inuites et de Premi\u00e8res Nations (8:02)<\/span>      \n         \n      <\/div>\n   <\/div>\n   <div class=\"output-content collapse\" style=\"height: 0px;\">\n      <div class=\"vimeo-container\"><iframe frameborder=\"0\" webkitallowfullscreen=\"\" mozallowfullscreen=\"\" allowfullscreen=\"\" src=\"\/\/player.vimeo.com\/video\/90190159?api=1\"><\/iframe><\/div>\n   <\/div>\n<\/div>\n\n<\/div>\n\n<div class=\"lazyblock-reflect-21i87C wp-block-lazyblock-reflect\"><div class=\"reflect\">\n\n\n<p class=\"wp-block-paragraph\">Croyez-vous que les programmes dont il est question dans la vid\u00e9o sont int\u00e9gr\u00e9s dans la culture locale? De quelle mani\u00e8re?<\/p>\n\n\n\n<p class=\"wp-block-paragraph\">\u00c0 quelles difficult\u00e9s font face les communaut\u00e9s inuites et de Premi\u00e8res Nations qui veulent \u00e9tablir des programmes de petite enfance faisant partie de leur communaut\u00e9?<\/p>\n\n<\/div><\/div>\n\n\n<p class=\"wp-block-paragraph\">La prochaine lecture est une synth\u00e8se d\u2019une s\u00e9rie d\u2019articles sur le sujet de la culture de <em>l\u2019Encyclop\u00e9die sur le d\u00e9veloppement de l\u2019enfant<\/em>. Cette synth\u00e8se d\u00e9crit les diff\u00e9rentes approches culturelles \u00e0 l\u2019\u00e9gard des soins attentifs.<\/p>\n\n\n<div class=\"lazyblock-read-Rgkqf wp-block-lazyblock-read\"><div class=\"read context-container\">\n   <a target=\"_blank\" href=\"https:\/\/www.enfant-encyclopedie.com\/pdf\/synthese\/culture\" class=\"tap-container\">\n      <div class=\"tap-icon\"><\/div>\n      <div class=\"tap-content\">\n         <span class=\"tap-label\">LIRE<\/span><span class=\"tap-description\">Culture \u2013 Synth\u00e8se<\/span><\/span>      \n      <\/div>\n   <\/a>\n<\/div><\/div>\n\n\n<p class=\"wp-block-paragraph\">La derni\u00e8re vid\u00e9o donne un aper\u00e7u de la vie d\u2019un groupe de jeunes enfants demeurant dans les r\u00e9gions rurales de l\u2019Afghanistan. Ils vivent dans un lieu \u00e9loign\u00e9, dans un groupe familial \u00e9largi. Pendant votre visionnement, r\u00e9fl\u00e9chissez aux fa\u00e7ons dont le contexte peut influencer les enfants.<\/p>\n\n\n<div class=\"lazyblock-watch-expand-thumbnail-1x41Ho wp-block-lazyblock-watch-expand-thumbnail\"><div class=\"watch-expand expand-container context-container\">\n   <div class=\"watch tap-to-expand tap-container\">\n      <div class=\"tap-icon\"><\/div>\n      <div class=\"video-thumbnail\"><img decoding=\"async\" src=\"https:\/\/content.scienceofecd.com\/third-edition-fr\/files\/2022\/05\/87874603.jpg\"><\/div>\n      <div class=\"tap-content\">\n         <span class=\"tap-label\">VISIONNER<\/span><span class=\"tap-description\">Une journ\u00e9e dans la vie des enfants de la vall\u00e9e du Wakhan, en Afghanistan (5:27)<\/span>      \n         \n      <\/div>\n   <\/div>\n   <div class=\"output-content collapse\" style=\"height: 0px;\">\n      <div class=\"vimeo-container\"><iframe frameborder=\"0\" webkitallowfullscreen=\"\" mozallowfullscreen=\"\" allowfullscreen=\"\" src=\"\/\/player.vimeo.com\/video\/87874603?api=1\"><\/iframe><\/div>\n   <\/div>\n<\/div>\n\n<\/div>\n\n<div class=\"lazyblock-reflect-Zn4Fi3 wp-block-lazyblock-reflect\"><div class=\"reflect\">\n\n\n<p class=\"wp-block-paragraph\">Quelles strat\u00e9gies sont les plus importantes pour soutenir le d\u00e9veloppement en bas \u00e2ge des enfants dans diff\u00e9rentes communaut\u00e9s?<\/p>\n\n\n\n<p class=\"wp-block-paragraph\">Envisagez votre propre culture; comment a-t-elle influenc\u00e9 votre d\u00e9veloppement?<\/p>\n\n\n\n<p class=\"wp-block-paragraph\">Comment tenez-vous compte du contexte culturel dans vos interactions avec les enfants et les familles?<\/p>\n\n<\/div><\/div>\n\n\n<h3 class=\"wp-block-heading\">Intersectionnalit\u00e9<\/h3>\n\n\n\n<p class=\"wp-block-paragraph\">L\u2019intersectionnalit\u00e9 est la combinaison complexe des facteurs sociaux qui forme une identit\u00e9 multidimensionnelle et coexistante d\u2019un individu. Ces facteurs sont influenc\u00e9s par l\u2019exp\u00e9rience, l\u2019histoire, les perspectives des autres, les \u00e9v\u00e9nements et plus, et peuvent donner lieu \u00e0 des iniquit\u00e9s pour les gens.<\/p>\n\n\n\n<p class=\"wp-block-paragraph\">Explorez la Roue des privil\u00e8ges et du pouvoir du gouvernement du Canada ci-dessous. Cette roue montre les multiples facteurs sociaux faisant partie de nos identit\u00e9s et le pouvoir collectif, les privil\u00e8ges ou la marginalisation qui en d\u00e9coulent. Remarquez dans le diagramme l\u2019aggravation des effets par les diff\u00e9rents facteurs sociaux, \u00e0 la fois positifs et n\u00e9gatifs.<\/p>\n\n\n<div class=\"lazyblock-explore-2rTDNm wp-block-lazyblock-explore\"><div class=\"explore context-container\">\n   <a target=\"_blank\" href=\"https:\/\/praxis.encommun.io\/n\/XHNqwZTrl9FgCMqFdUiN0JaaYVs\/\" class=\"tap-container\">\n      <div class=\"tap-icon\"><\/div>\n      <div class=\"tap-content\">\n         <span class=\"tap-label\">EXPLORER<\/span>\n         <span class=\"tap-description\">Roue des privil\u00e8ges et du pouvoir (voir la deuxi\u00e8me roue) <\/span>\n         \n      <\/div>\n   <\/a>\n<\/div>\n\n<\/div>\n\n\n<p class=\"wp-block-paragraph\">Maintenant que vous avez examin\u00e9 certains facteurs sociaux constituant l\u2019identit\u00e9 d\u2019une personne, envisagez les v\u00f4tres. Ci-dessous, vous pourrez voir dans quelle mesure vous avez du pouvoir et des privil\u00e8ges dans la soci\u00e9t\u00e9.<\/p>\n\n\n<div class=\"lazyblock-interact-ZED61w wp-block-lazyblock-interact\"><div class=\"interact-link context-container\">\n  <a target=\"_blank\" href=\"https:\/\/hscsr.rrc.ca\/secd\/interactions\/PowerAndPrivilegeCheck\/PowerAndPrivilegeCheck-Fr.html\" class=\"tap-container interact\">\n    <div class=\"tap-icon\"><\/div>\n    <div class=\"tap-content\">\n      <span class=\"tap-label\">INTERAGIR<\/span>\n      <span class=\"tap-description\">V\u00e9rification du pouvoir et des privil\u00e8ges<\/span>\n    <\/div>\n  <\/a>\n<\/div><\/div>\n\n<div class=\"lazyblock-reflect-Z1zsssM wp-block-lazyblock-reflect\"><div class=\"reflect\">\n\n\n<p class=\"wp-block-paragraph\">Quelle est votre position dans l\u2019\u00e9chelle du pouvoir et des privil\u00e8ges?<\/p>\n\n\n\n<p class=\"wp-block-paragraph\">Pensez aux raisons pour lesquelles vous avez une position \u00e9lev\u00e9e ou basse sur l\u2019\u00e9chelle. Quelles possibilit\u00e9s peuvent s\u2019offrir \u00e0 vous en fonction de cette position?<\/p>\n\n\n\n<p class=\"wp-block-paragraph\">\u00c0 quelles barri\u00e8res pouvez-vous faire face en raison de cette position?<\/p>\n\n<\/div><\/div>\n\n\n<p class=\"wp-block-paragraph\">Lisez davantage sur l\u2019intersectionnalit\u00e9 et ses incidences sur les individus ci-dessous.<\/p>\n\n\n<div class=\"lazyblock-read-Z2pXu8n wp-block-lazyblock-read\"><div class=\"read context-container\">\n   <a target=\"_blank\" href=\"https:\/\/content.scienceofecd.com\/transcript\/read-impacts-of-intersectionality-fr\/\" class=\"tap-container\">\n      <div class=\"tap-icon\"><\/div>\n      <div class=\"tap-content\">\n         <span class=\"tap-label\">LIRE<\/span><span class=\"tap-description\">Incidences de l\u2019intersectionnalit\u00e9<\/span><\/span>      \n      <\/div>\n   <\/a>\n<\/div><\/div>\n\n<div class=\"lazyblock-reflect-151i3Y wp-block-lazyblock-reflect\"><div class=\"reflect\">\n\n\n<p class=\"wp-block-paragraph\">Pensez aux diff\u00e9rentes fa\u00e7ons dont l\u2019intersectionnalit\u00e9 touche les enfants et les familles. Quelles occasions se pr\u00e9sentent aux familles des enfants compte tenu de leur intersectionnalit\u00e9?<\/p>\n\n\n\n<p class=\"wp-block-paragraph\">\u00c0 quelles barri\u00e8res les familles des enfants peuvent-elles faire face en raison de l\u2019intersectionnalit\u00e9?<\/p>\n\n<\/div><\/div>\n\n\n<h3 class=\"wp-block-heading\">Fonds des connaissances<\/h3>\n\n\n\n<p class=\"wp-block-paragraph\">L\u2019intersectionnalit\u00e9 peut entra\u00eener des iniquit\u00e9s, mais l\u2019utilisation des fonds des connaissances des familles dans les programmes de petite enfance peut permettre aux enfants de se sentir v\u00e9ritablement inclus.<\/p>\n\n\n\n<p class=\"wp-block-paragraph\">Bon nombre d\u2019enfants et leur famille ont des capacit\u00e9s et des habilet\u00e9s utiles qui constituent des atouts. On appelle ces atouts des fonds des connaissances. Les fonds des connaissances repr\u00e9sentent l\u2019accumulation de l\u2019information culturelle et sociale, notamment des exp\u00e9riences diversifi\u00e9es, uniques et personnelles avec des valeurs, des r\u00f4les, des capacit\u00e9s, des id\u00e9es, des connaissances, des croyances, des attitudes, des perspectives, des traditions, des rituels, des ressources et des pratiques, qu\u2019on acquiert par les relations \u00e0 la maison, ou dans la communaut\u00e9 sociale plus large. Dans leur recherche, Moll. et coll. (1992) ont abord\u00e9 certains fonds des connaissances qui pourraient contribuer \u00e0 tout environnement d\u2019apprentissage. Ceux-ci comprennent :<\/p>\n\n\n\n<ul class=\"wp-block-list\">\n<li>l\u2019agriculture et l\u2019exploitation mini\u00e8re;<\/li>\n\n\n\n<li>le mat\u00e9riel et les connaissances scientifiques;<\/li>\n\n\n\n<li>l\u2019\u00e9conomie;<\/li>\n\n\n\n<li>la m\u00e9decine;<\/li>\n\n\n\n<li>la gestion du foyer;<\/li>\n\n\n\n<li>la religion.<\/li>\n<\/ul>\n\n\n\n<p class=\"wp-block-paragraph\">Chacune de ces cat\u00e9gories contient des connaissances et des exp\u00e9riences plus d\u00e9taill\u00e9es.<\/p>\n\n\n\n<p class=\"wp-block-paragraph\">Les familles peuvent avoir de nombreux diff\u00e9rents types de fonds des connaissances. Vous trouverez d\u2019autres exemples de ces atouts ci-dessous.<\/p>\n\n\n<div class=\"lazyblock-interact-ajEEG wp-block-lazyblock-interact\"><div class=\"interact-link context-container\">\n  <a target=\"_blank\" href=\"https:\/\/hscsr.rrc.ca\/secd\/interactions\/FundsOfKnowledge1\/FundsOfKnowledgeTypes-Fr.html\" class=\"tap-container interact\">\n    <div class=\"tap-icon\"><\/div>\n    <div class=\"tap-content\">\n      <span class=\"tap-label\">INTERAGIR<\/span>\n      <span class=\"tap-description\">Types de fonds des connaissances<\/span>\n    <\/div>\n  <\/a>\n<\/div><\/div>\n\n<div class=\"lazyblock-reflect-2krMFD wp-block-lazyblock-reflect\"><div class=\"reflect\">\n\n\n<p class=\"wp-block-paragraph\">Quels sont les fonds des connaissances que vous avez acquis dans le cadre de votre vie familiale?<\/p>\n\n\n\n<p class=\"wp-block-paragraph\">Avez-vous des fonds des connaissances qui ne figurent pas dans la liste ci-dessus? Pensez \u00e0 la fa\u00e7on dont vos fonds des connaissances pourraient \u00eatre int\u00e9gr\u00e9s dans des programmes de petite enfance et votre milieu de travail.<\/p>\n\n<\/div><\/div>","protected":false},"excerpt":{"rendered":"<p>Le d\u00e9veloppement des gens se produit dans le contexte de moments et d\u2019endroits particuliers. Les enfants sont \u00e9lev\u00e9s dans de nombreux diff\u00e9rents types de familles, de foyers et de communaut\u00e9s. Le terrain environnant et les ressources physiques \u00e0 la disposition des familles contribuent \u00e9galement \u00e0 rendre la vie quotidienne plus facile ou plus difficile. Au [&hellip;]<\/p>\n","protected":false},"author":1,"featured_media":0,"parent":0,"menu_order":15,"comment_status":"open","ping_status":"closed","template":"","meta":{"_acf_changed":false,"footnotes":""},"class_list":["post-513","page","type-page","status-publish","hentry"],"acf":[],"_links":{"self":[{"href":"https:\/\/content.scienceofecd.com\/third-edition-fr\/wp-json\/wp\/v2\/pages\/513","targetHints":{"allow":["GET"]}}],"collection":[{"href":"https:\/\/content.scienceofecd.com\/third-edition-fr\/wp-json\/wp\/v2\/pages"}],"about":[{"href":"https:\/\/content.scienceofecd.com\/third-edition-fr\/wp-json\/wp\/v2\/types\/page"}],"author":[{"embeddable":true,"href":"https:\/\/content.scienceofecd.com\/third-edition-fr\/wp-json\/wp\/v2\/users\/1"}],"replies":[{"embeddable":true,"href":"https:\/\/content.scienceofecd.com\/third-edition-fr\/wp-json\/wp\/v2\/comments?post=513"}],"version-history":[{"count":246,"href":"https:\/\/content.scienceofecd.com\/third-edition-fr\/wp-json\/wp\/v2\/pages\/513\/revisions"}],"predecessor-version":[{"id":15914,"href":"https:\/\/content.scienceofecd.com\/third-edition-fr\/wp-json\/wp\/v2\/pages\/513\/revisions\/15914"}],"wp:attachment":[{"href":"https:\/\/content.scienceofecd.com\/third-edition-fr\/wp-json\/wp\/v2\/media?parent=513"}],"curies":[{"name":"wp","href":"https:\/\/api.w.org\/{rel}","templated":true}]}}